{"id":2243,"date":"2019-06-27T16:59:38","date_gmt":"2019-06-27T14:59:38","guid":{"rendered":"https:\/\/www.menimepriestor.sk\/?page_id=2243"},"modified":"2019-06-27T17:56:27","modified_gmt":"2019-06-27T15:56:27","slug":"spatial-and-free-hanging-absorbers","status":"publish","type":"page","link":"https:\/\/www.menimepriestor.sk\/en\/acoustic-ceilings\/spatial-and-free-hanging-absorbers\/","title":{"rendered":"Spatial and free-hanging absorbers"},"content":{"rendered":"\n<p>Spatial\nand free-hanging absorbers are a suitable solution for interior\nceilings where it is not possible to place a full ceiling (either\ncassette or plasterboard) or, in the case of other modern spaces,\nwhen we want to preserve the original ceiling or to emphasize the\nindustrial character of the ceiling (Architectural concrete) and\nthereby achieve both easy access to the installations and also to\nensure maximum acoustic comfort in the room. They are characterized\nby simple installation and unconventional interior design.<\/p>\n\n\n\n<!--more-->\n\n\n\n<p>The\nabsorbers may be <strong>horizontal<\/strong>\n&#8211; various shapes such as circles, triangles, squares and <strong>vertical<\/strong>,\nwhich are hung separately on the strands or on the structure forming\nthe lamellas.<\/p>\n\n\n\n<ul class=\"wp-block-gallery columns-3 is-cropped wp-block-gallery-1 is-layout-flex wp-block-gallery-is-layout-flex\"><li class=\"blocks-gallery-item\"><figure><a href=\"https:\/\/www.menimepriestor.sk\/wp-content\/uploads\/2019\/06\/Menimepriestor-Akusticke-priestazaves-1-1024x683.jpg\"><img loading=\"lazy\" decoding=\"async\" width=\"1024\" height=\"683\" src=\"https:\/\/www.menimepriestor.sk\/wp-content\/uploads\/2019\/06\/Menimepriestor-Akusticke-priestazaves-1-1024x683.jpg\" alt=\"\" data-id=\"1760\" data-link=\"https:\/\/www.menimepriestor.sk\/akusticke-stropy\/priestorove-a-volne-zavesene-absorbery\/olympus-digital-camera-14\/#main\" class=\"wp-image-1760\" srcset=\"https:\/\/www.menimepriestor.sk\/wp-content\/uploads\/2019\/06\/Menimepriestor-Akusticke-priestazaves-1-1024x683.jpg 1024w, https:\/\/www.menimepriestor.sk\/wp-content\/uploads\/2019\/06\/Menimepriestor-Akusticke-priestazaves-1-300x200.jpg 300w, https:\/\/www.menimepriestor.sk\/wp-content\/uploads\/2019\/06\/Menimepriestor-Akusticke-priestazaves-1-768x512.jpg 768w, https:\/\/www.menimepriestor.sk\/wp-content\/uploads\/2019\/06\/Menimepriestor-Akusticke-priestazaves-1.jpg 1600w\" sizes=\"auto, (max-width: 1024px) 100vw, 1024px\" \/><\/a><\/figure><\/li><li class=\"blocks-gallery-item\"><figure><a href=\"https:\/\/www.menimepriestor.sk\/wp-content\/uploads\/2019\/06\/Menimepriestor-Akusticke-priestazaves-2-1024x683.jpg\"><img loading=\"lazy\" decoding=\"async\" width=\"1024\" height=\"683\" src=\"https:\/\/www.menimepriestor.sk\/wp-content\/uploads\/2019\/06\/Menimepriestor-Akusticke-priestazaves-2-1024x683.jpg\" alt=\"\" data-id=\"1764\" data-link=\"https:\/\/www.menimepriestor.sk\/akusticke-stropy\/priestorove-a-volne-zavesene-absorbery\/menimepriestor-akusticke-priestazaves-2\/#main\" class=\"wp-image-1764\" srcset=\"https:\/\/www.menimepriestor.sk\/wp-content\/uploads\/2019\/06\/Menimepriestor-Akusticke-priestazaves-2-1024x683.jpg 1024w, https:\/\/www.menimepriestor.sk\/wp-content\/uploads\/2019\/06\/Menimepriestor-Akusticke-priestazaves-2-300x200.jpg 300w, https:\/\/www.menimepriestor.sk\/wp-content\/uploads\/2019\/06\/Menimepriestor-Akusticke-priestazaves-2-768x512.jpg 768w, https:\/\/www.menimepriestor.sk\/wp-content\/uploads\/2019\/06\/Menimepriestor-Akusticke-priestazaves-2.jpg 1600w\" sizes=\"auto, (max-width: 1024px) 100vw, 1024px\" \/><\/a><\/figure><\/li><li class=\"blocks-gallery-item\"><figure><a href=\"https:\/\/www.menimepriestor.sk\/wp-content\/uploads\/2019\/06\/Menimepriestor-Akusticke-priestazaves-3-1024x683.jpg\"><img loading=\"lazy\" decoding=\"async\" width=\"1024\" height=\"683\" src=\"https:\/\/www.menimepriestor.sk\/wp-content\/uploads\/2019\/06\/Menimepriestor-Akusticke-priestazaves-3-1024x683.jpg\" alt=\"\" data-id=\"1768\" data-link=\"https:\/\/www.menimepriestor.sk\/akusticke-stropy\/priestorove-a-volne-zavesene-absorbery\/menimepriestor-akusticke-priestazaves-3\/#main\" class=\"wp-image-1768\" srcset=\"https:\/\/www.menimepriestor.sk\/wp-content\/uploads\/2019\/06\/Menimepriestor-Akusticke-priestazaves-3-1024x683.jpg 1024w, https:\/\/www.menimepriestor.sk\/wp-content\/uploads\/2019\/06\/Menimepriestor-Akusticke-priestazaves-3-300x200.jpg 300w, https:\/\/www.menimepriestor.sk\/wp-content\/uploads\/2019\/06\/Menimepriestor-Akusticke-priestazaves-3-768x512.jpg 768w, https:\/\/www.menimepriestor.sk\/wp-content\/uploads\/2019\/06\/Menimepriestor-Akusticke-priestazaves-3.jpg 1600w\" sizes=\"auto, (max-width: 1024px) 100vw, 1024px\" \/><\/a><\/figure><\/li><li class=\"blocks-gallery-item\"><figure><a href=\"https:\/\/www.menimepriestor.sk\/wp-content\/uploads\/2019\/06\/Menimepriestor-Akusticke-priestazaves-4-1024x683.jpg\"><img loading=\"lazy\" decoding=\"async\" width=\"1024\" height=\"683\" src=\"https:\/\/www.menimepriestor.sk\/wp-content\/uploads\/2019\/06\/Menimepriestor-Akusticke-priestazaves-4-1024x683.jpg\" alt=\"\" data-id=\"1772\" data-link=\"https:\/\/www.menimepriestor.sk\/akusticke-stropy\/priestorove-a-volne-zavesene-absorbery\/menimepriestor-akusticke-priestazaves-4\/#main\" class=\"wp-image-1772\" srcset=\"https:\/\/www.menimepriestor.sk\/wp-content\/uploads\/2019\/06\/Menimepriestor-Akusticke-priestazaves-4-1024x683.jpg 1024w, https:\/\/www.menimepriestor.sk\/wp-content\/uploads\/2019\/06\/Menimepriestor-Akusticke-priestazaves-4-300x200.jpg 300w, https:\/\/www.menimepriestor.sk\/wp-content\/uploads\/2019\/06\/Menimepriestor-Akusticke-priestazaves-4-768x512.jpg 768w, https:\/\/www.menimepriestor.sk\/wp-content\/uploads\/2019\/06\/Menimepriestor-Akusticke-priestazaves-4.jpg 1600w\" sizes=\"auto, (max-width: 1024px) 100vw, 1024px\" \/><\/a><\/figure><\/li><li class=\"blocks-gallery-item\"><figure><a href=\"https:\/\/www.menimepriestor.sk\/wp-content\/uploads\/2019\/06\/Menimepriestor-Akusticke-priestazaves-5-1024x683.jpg\"><img loading=\"lazy\" decoding=\"async\" width=\"1024\" height=\"683\" src=\"https:\/\/www.menimepriestor.sk\/wp-content\/uploads\/2019\/06\/Menimepriestor-Akusticke-priestazaves-5-1024x683.jpg\" alt=\"\" data-id=\"1776\" data-link=\"https:\/\/www.menimepriestor.sk\/akusticke-stropy\/priestorove-a-volne-zavesene-absorbery\/menimepriestor-akusticke-priestazaves-5\/#main\" class=\"wp-image-1776\" srcset=\"https:\/\/www.menimepriestor.sk\/wp-content\/uploads\/2019\/06\/Menimepriestor-Akusticke-priestazaves-5-1024x683.jpg 1024w, https:\/\/www.menimepriestor.sk\/wp-content\/uploads\/2019\/06\/Menimepriestor-Akusticke-priestazaves-5-300x200.jpg 300w, https:\/\/www.menimepriestor.sk\/wp-content\/uploads\/2019\/06\/Menimepriestor-Akusticke-priestazaves-5-768x512.jpg 768w, https:\/\/www.menimepriestor.sk\/wp-content\/uploads\/2019\/06\/Menimepriestor-Akusticke-priestazaves-5.jpg 1600w\" sizes=\"auto, (max-width: 1024px) 100vw, 1024px\" \/><\/a><\/figure><\/li><li class=\"blocks-gallery-item\"><figure><a href=\"https:\/\/www.menimepriestor.sk\/wp-content\/uploads\/2019\/06\/Menimepriestor-Akusticke-priestazaves-6-1024x683.jpg\"><img loading=\"lazy\" decoding=\"async\" width=\"1024\" height=\"683\" src=\"https:\/\/www.menimepriestor.sk\/wp-content\/uploads\/2019\/06\/Menimepriestor-Akusticke-priestazaves-6-1024x683.jpg\" alt=\"\" data-id=\"1780\" data-link=\"https:\/\/www.menimepriestor.sk\/akusticke-stropy\/priestorove-a-volne-zavesene-absorbery\/menimepriestor-akusticke-priestazaves-6\/#main\" class=\"wp-image-1780\" srcset=\"https:\/\/www.menimepriestor.sk\/wp-content\/uploads\/2019\/06\/Menimepriestor-Akusticke-priestazaves-6-1024x683.jpg 1024w, https:\/\/www.menimepriestor.sk\/wp-content\/uploads\/2019\/06\/Menimepriestor-Akusticke-priestazaves-6-300x200.jpg 300w, https:\/\/www.menimepriestor.sk\/wp-content\/uploads\/2019\/06\/Menimepriestor-Akusticke-priestazaves-6-768x512.jpg 768w, https:\/\/www.menimepriestor.sk\/wp-content\/uploads\/2019\/06\/Menimepriestor-Akusticke-priestazaves-6.jpg 1600w\" sizes=\"auto, (max-width: 1024px) 100vw, 1024px\" \/><\/a><\/figure><\/li><li class=\"blocks-gallery-item\"><figure><a href=\"https:\/\/www.menimepriestor.sk\/wp-content\/uploads\/2019\/06\/Menimepriestor-Akusticke-priestazaves-7-1024x683.jpg\"><img loading=\"lazy\" decoding=\"async\" width=\"1024\" height=\"683\" src=\"https:\/\/www.menimepriestor.sk\/wp-content\/uploads\/2019\/06\/Menimepriestor-Akusticke-priestazaves-7-1024x683.jpg\" alt=\"\" data-id=\"1784\" data-link=\"https:\/\/www.menimepriestor.sk\/akusticke-stropy\/priestorove-a-volne-zavesene-absorbery\/menimepriestor-akusticke-priestazaves-7\/#main\" class=\"wp-image-1784\" srcset=\"https:\/\/www.menimepriestor.sk\/wp-content\/uploads\/2019\/06\/Menimepriestor-Akusticke-priestazaves-7-1024x683.jpg 1024w, https:\/\/www.menimepriestor.sk\/wp-content\/uploads\/2019\/06\/Menimepriestor-Akusticke-priestazaves-7-300x200.jpg 300w, https:\/\/www.menimepriestor.sk\/wp-content\/uploads\/2019\/06\/Menimepriestor-Akusticke-priestazaves-7-768x512.jpg 768w, https:\/\/www.menimepriestor.sk\/wp-content\/uploads\/2019\/06\/Menimepriestor-Akusticke-priestazaves-7.jpg 1600w\" sizes=\"auto, (max-width: 1024px) 100vw, 1024px\" \/><\/a><\/figure><\/li><li class=\"blocks-gallery-item\"><figure><a href=\"https:\/\/www.menimepriestor.sk\/wp-content\/uploads\/2019\/06\/Menimepriestor-Akusticke-priestazaves-8-1024x683.jpg\"><img loading=\"lazy\" decoding=\"async\" width=\"1024\" height=\"683\" src=\"https:\/\/www.menimepriestor.sk\/wp-content\/uploads\/2019\/06\/Menimepriestor-Akusticke-priestazaves-8-1024x683.jpg\" alt=\"\" data-id=\"1788\" data-link=\"https:\/\/www.menimepriestor.sk\/akusticke-stropy\/priestorove-a-volne-zavesene-absorbery\/menimepriestor-akusticke-priestazaves-8\/#main\" class=\"wp-image-1788\" srcset=\"https:\/\/www.menimepriestor.sk\/wp-content\/uploads\/2019\/06\/Menimepriestor-Akusticke-priestazaves-8-1024x683.jpg 1024w, https:\/\/www.menimepriestor.sk\/wp-content\/uploads\/2019\/06\/Menimepriestor-Akusticke-priestazaves-8-300x200.jpg 300w, https:\/\/www.menimepriestor.sk\/wp-content\/uploads\/2019\/06\/Menimepriestor-Akusticke-priestazaves-8-768x512.jpg 768w, https:\/\/www.menimepriestor.sk\/wp-content\/uploads\/2019\/06\/Menimepriestor-Akusticke-priestazaves-8.jpg 1600w\" sizes=\"auto, (max-width: 1024px) 100vw, 1024px\" \/><\/a><\/figure><\/li><li class=\"blocks-gallery-item\"><figure><a href=\"https:\/\/www.menimepriestor.sk\/wp-content\/uploads\/2019\/06\/Menimepriestor-Akusticke-priestazaves-9-1024x683.jpg\"><img loading=\"lazy\" decoding=\"async\" width=\"1024\" height=\"683\" src=\"https:\/\/www.menimepriestor.sk\/wp-content\/uploads\/2019\/06\/Menimepriestor-Akusticke-priestazaves-9-1024x683.jpg\" alt=\"\" data-id=\"1792\" data-link=\"https:\/\/www.menimepriestor.sk\/akusticke-stropy\/priestorove-a-volne-zavesene-absorbery\/menimepriestor-akusticke-priestazaves-9\/#main\" class=\"wp-image-1792\" srcset=\"https:\/\/www.menimepriestor.sk\/wp-content\/uploads\/2019\/06\/Menimepriestor-Akusticke-priestazaves-9-1024x683.jpg 1024w, https:\/\/www.menimepriestor.sk\/wp-content\/uploads\/2019\/06\/Menimepriestor-Akusticke-priestazaves-9-300x200.jpg 300w, https:\/\/www.menimepriestor.sk\/wp-content\/uploads\/2019\/06\/Menimepriestor-Akusticke-priestazaves-9-768x512.jpg 768w, https:\/\/www.menimepriestor.sk\/wp-content\/uploads\/2019\/06\/Menimepriestor-Akusticke-priestazaves-9.jpg 1600w\" sizes=\"auto, (max-width: 1024px) 100vw, 1024px\" \/><\/a><\/figure><\/li><li class=\"blocks-gallery-item\"><figure><a href=\"https:\/\/www.menimepriestor.sk\/wp-content\/uploads\/2019\/06\/Menimepriestor-Akusticke-priestazaves-10-1024x683.jpg\"><img loading=\"lazy\" decoding=\"async\" width=\"1024\" height=\"683\" src=\"https:\/\/www.menimepriestor.sk\/wp-content\/uploads\/2019\/06\/Menimepriestor-Akusticke-priestazaves-10-1024x683.jpg\" alt=\"\" data-id=\"1796\" data-link=\"https:\/\/www.menimepriestor.sk\/akusticke-stropy\/priestorove-a-volne-zavesene-absorbery\/menimepriestor-akusticke-priestazaves-10\/#main\" class=\"wp-image-1796\" srcset=\"https:\/\/www.menimepriestor.sk\/wp-content\/uploads\/2019\/06\/Menimepriestor-Akusticke-priestazaves-10-1024x683.jpg 1024w, https:\/\/www.menimepriestor.sk\/wp-content\/uploads\/2019\/06\/Menimepriestor-Akusticke-priestazaves-10-300x200.jpg 300w, https:\/\/www.menimepriestor.sk\/wp-content\/uploads\/2019\/06\/Menimepriestor-Akusticke-priestazaves-10-768x512.jpg 768w, https:\/\/www.menimepriestor.sk\/wp-content\/uploads\/2019\/06\/Menimepriestor-Akusticke-priestazaves-10.jpg 1600w\" sizes=\"auto, (max-width: 1024px) 100vw, 1024px\" \/><\/a><\/figure><\/li><li class=\"blocks-gallery-item\"><figure><a href=\"https:\/\/www.menimepriestor.sk\/wp-content\/uploads\/2019\/06\/Menimepriestor-Akusticke-priestazaves-11-1024x683.jpg\"><img loading=\"lazy\" decoding=\"async\" width=\"1024\" height=\"683\" src=\"https:\/\/www.menimepriestor.sk\/wp-content\/uploads\/2019\/06\/Menimepriestor-Akusticke-priestazaves-11-1024x683.jpg\" alt=\"\" data-id=\"1800\" data-link=\"https:\/\/www.menimepriestor.sk\/akusticke-stropy\/priestorove-a-volne-zavesene-absorbery\/menimepriestor-akusticke-priestazaves-11\/#main\" class=\"wp-image-1800\" srcset=\"https:\/\/www.menimepriestor.sk\/wp-content\/uploads\/2019\/06\/Menimepriestor-Akusticke-priestazaves-11-1024x683.jpg 1024w, https:\/\/www.menimepriestor.sk\/wp-content\/uploads\/2019\/06\/Menimepriestor-Akusticke-priestazaves-11-300x200.jpg 300w, https:\/\/www.menimepriestor.sk\/wp-content\/uploads\/2019\/06\/Menimepriestor-Akusticke-priestazaves-11-768x512.jpg 768w, https:\/\/www.menimepriestor.sk\/wp-content\/uploads\/2019\/06\/Menimepriestor-Akusticke-priestazaves-11.jpg 1600w\" sizes=\"auto, (max-width: 1024px) 100vw, 1024px\" \/><\/a><\/figure><\/li><li class=\"blocks-gallery-item\"><figure><a href=\"https:\/\/www.menimepriestor.sk\/wp-content\/uploads\/2019\/06\/Menimepriestor-Akusticke-priestazaves-12-1024x683.jpg\"><img loading=\"lazy\" decoding=\"async\" width=\"1024\" height=\"683\" src=\"https:\/\/www.menimepriestor.sk\/wp-content\/uploads\/2019\/06\/Menimepriestor-Akusticke-priestazaves-12-1024x683.jpg\" alt=\"\" data-id=\"1804\" data-link=\"https:\/\/www.menimepriestor.sk\/akusticke-stropy\/priestorove-a-volne-zavesene-absorbery\/olympus-digital-camera-15\/#main\" class=\"wp-image-1804\" srcset=\"https:\/\/www.menimepriestor.sk\/wp-content\/uploads\/2019\/06\/Menimepriestor-Akusticke-priestazaves-12-1024x683.jpg 1024w, https:\/\/www.menimepriestor.sk\/wp-content\/uploads\/2019\/06\/Menimepriestor-Akusticke-priestazaves-12-300x200.jpg 300w, https:\/\/www.menimepriestor.sk\/wp-content\/uploads\/2019\/06\/Menimepriestor-Akusticke-priestazaves-12-768x512.jpg 768w, https:\/\/www.menimepriestor.sk\/wp-content\/uploads\/2019\/06\/Menimepriestor-Akusticke-priestazaves-12.jpg 1600w\" sizes=\"auto, (max-width: 1024px) 100vw, 1024px\" \/><\/a><\/figure><\/li><li class=\"blocks-gallery-item\"><figure><a href=\"https:\/\/www.menimepriestor.sk\/wp-content\/uploads\/2019\/06\/Menimepriestor-Akusticke-priestazaves-13-1024x683.jpg\"><img loading=\"lazy\" decoding=\"async\" width=\"1024\" height=\"683\" src=\"https:\/\/www.menimepriestor.sk\/wp-content\/uploads\/2019\/06\/Menimepriestor-Akusticke-priestazaves-13-1024x683.jpg\" alt=\"\" data-id=\"1808\" data-link=\"https:\/\/www.menimepriestor.sk\/akusticke-stropy\/priestorove-a-volne-zavesene-absorbery\/olympus-digital-camera-16\/#main\" class=\"wp-image-1808\" srcset=\"https:\/\/www.menimepriestor.sk\/wp-content\/uploads\/2019\/06\/Menimepriestor-Akusticke-priestazaves-13-1024x683.jpg 1024w, https:\/\/www.menimepriestor.sk\/wp-content\/uploads\/2019\/06\/Menimepriestor-Akusticke-priestazaves-13-300x200.jpg 300w, https:\/\/www.menimepriestor.sk\/wp-content\/uploads\/2019\/06\/Menimepriestor-Akusticke-priestazaves-13-768x512.jpg 768w, https:\/\/www.menimepriestor.sk\/wp-content\/uploads\/2019\/06\/Menimepriestor-Akusticke-priestazaves-13.jpg 1600w\" sizes=\"auto, (max-width: 1024px) 100vw, 1024px\" \/><\/a><\/figure><\/li><li class=\"blocks-gallery-item\"><figure><a href=\"https:\/\/www.menimepriestor.sk\/wp-content\/uploads\/2019\/06\/Menimepriestor-Akusticke-priestazaves-14-1024x683.jpg\"><img loading=\"lazy\" decoding=\"async\" width=\"1024\" height=\"683\" src=\"https:\/\/www.menimepriestor.sk\/wp-content\/uploads\/2019\/06\/Menimepriestor-Akusticke-priestazaves-14-1024x683.jpg\" alt=\"\" data-id=\"1812\" data-link=\"https:\/\/www.menimepriestor.sk\/akusticke-stropy\/priestorove-a-volne-zavesene-absorbery\/olympus-digital-camera-17\/#main\" class=\"wp-image-1812\" srcset=\"https:\/\/www.menimepriestor.sk\/wp-content\/uploads\/2019\/06\/Menimepriestor-Akusticke-priestazaves-14-1024x683.jpg 1024w, https:\/\/www.menimepriestor.sk\/wp-content\/uploads\/2019\/06\/Menimepriestor-Akusticke-priestazaves-14-300x200.jpg 300w, https:\/\/www.menimepriestor.sk\/wp-content\/uploads\/2019\/06\/Menimepriestor-Akusticke-priestazaves-14-768x512.jpg 768w, https:\/\/www.menimepriestor.sk\/wp-content\/uploads\/2019\/06\/Menimepriestor-Akusticke-priestazaves-14.jpg 1600w\" sizes=\"auto, (max-width: 1024px) 100vw, 1024px\" \/><\/a><\/figure><\/li><li class=\"blocks-gallery-item\"><figure><a href=\"https:\/\/www.menimepriestor.sk\/wp-content\/uploads\/2019\/06\/Menimepriestor-Akusticke-priestazaves-15-1024x683.jpg\"><img loading=\"lazy\" decoding=\"async\" width=\"1024\" height=\"683\" src=\"https:\/\/www.menimepriestor.sk\/wp-content\/uploads\/2019\/06\/Menimepriestor-Akusticke-priestazaves-15-1024x683.jpg\" alt=\"\" data-id=\"1816\" data-link=\"https:\/\/www.menimepriestor.sk\/akusticke-stropy\/priestorove-a-volne-zavesene-absorbery\/olympus-digital-camera-18\/#main\" class=\"wp-image-1816\" srcset=\"https:\/\/www.menimepriestor.sk\/wp-content\/uploads\/2019\/06\/Menimepriestor-Akusticke-priestazaves-15-1024x683.jpg 1024w, https:\/\/www.menimepriestor.sk\/wp-content\/uploads\/2019\/06\/Menimepriestor-Akusticke-priestazaves-15-300x200.jpg 300w, https:\/\/www.menimepriestor.sk\/wp-content\/uploads\/2019\/06\/Menimepriestor-Akusticke-priestazaves-15-768x512.jpg 768w, https:\/\/www.menimepriestor.sk\/wp-content\/uploads\/2019\/06\/Menimepriestor-Akusticke-priestazaves-15.jpg 1600w\" sizes=\"auto, (max-width: 1024px) 100vw, 1024px\" \/><\/a><\/figure><\/li><li class=\"blocks-gallery-item\"><figure><a href=\"https:\/\/www.menimepriestor.sk\/wp-content\/uploads\/2019\/06\/Menimepriestor-Akusticke-priestazaves-16-1024x683.jpg\"><img loading=\"lazy\" decoding=\"async\" width=\"1024\" height=\"683\" src=\"https:\/\/www.menimepriestor.sk\/wp-content\/uploads\/2019\/06\/Menimepriestor-Akusticke-priestazaves-16-1024x683.jpg\" alt=\"\" data-id=\"1820\" data-link=\"https:\/\/www.menimepriestor.sk\/akusticke-stropy\/priestorove-a-volne-zavesene-absorbery\/olympus-digital-camera-19\/#main\" class=\"wp-image-1820\" srcset=\"https:\/\/www.menimepriestor.sk\/wp-content\/uploads\/2019\/06\/Menimepriestor-Akusticke-priestazaves-16-1024x683.jpg 1024w, https:\/\/www.menimepriestor.sk\/wp-content\/uploads\/2019\/06\/Menimepriestor-Akusticke-priestazaves-16-300x200.jpg 300w, https:\/\/www.menimepriestor.sk\/wp-content\/uploads\/2019\/06\/Menimepriestor-Akusticke-priestazaves-16-768x512.jpg 768w, https:\/\/www.menimepriestor.sk\/wp-content\/uploads\/2019\/06\/Menimepriestor-Akusticke-priestazaves-16.jpg 1600w\" sizes=\"auto, (max-width: 1024px) 100vw, 1024px\" \/><\/a><\/figure><\/li><li class=\"blocks-gallery-item\"><figure><a href=\"https:\/\/www.menimepriestor.sk\/wp-content\/uploads\/2019\/06\/Menimepriestor-Akusticke-priestazaves-17-1024x683.jpg\"><img loading=\"lazy\" decoding=\"async\" width=\"1024\" height=\"683\" src=\"https:\/\/www.menimepriestor.sk\/wp-content\/uploads\/2019\/06\/Menimepriestor-Akusticke-priestazaves-17-1024x683.jpg\" alt=\"\" data-id=\"1824\" data-link=\"https:\/\/www.menimepriestor.sk\/akusticke-stropy\/priestorove-a-volne-zavesene-absorbery\/olympus-digital-camera-20\/#main\" class=\"wp-image-1824\" srcset=\"https:\/\/www.menimepriestor.sk\/wp-content\/uploads\/2019\/06\/Menimepriestor-Akusticke-priestazaves-17-1024x683.jpg 1024w, https:\/\/www.menimepriestor.sk\/wp-content\/uploads\/2019\/06\/Menimepriestor-Akusticke-priestazaves-17-300x200.jpg 300w, https:\/\/www.menimepriestor.sk\/wp-content\/uploads\/2019\/06\/Menimepriestor-Akusticke-priestazaves-17-768x512.jpg 768w, https:\/\/www.menimepriestor.sk\/wp-content\/uploads\/2019\/06\/Menimepriestor-Akusticke-priestazaves-17.jpg 1600w\" sizes=\"auto, (max-width: 1024px) 100vw, 1024px\" \/><\/a><\/figure><\/li><\/ul>\n","protected":false},"excerpt":{"rendered":"<p>Spatial and free-hanging absorbers are a suitable solution for interior ceilings where it is not possible to place a full ceiling (either cassette or plasterboard) or, in the case of other modern spaces, when we want to preserve the original ceiling or to emphasize the industrial character of the ceiling (Architectural concrete) and thereby achieve [&#8230;]\n","protected":false},"author":2,"featured_media":2412,"parent":1494,"menu_order":0,"comment_status":"closed","ping_status":"closed","template":"page-blank.php","meta":{"_editorskit_title_hidden":false,"_editorskit_reading_time":0,"_editorskit_is_block_options_detached":false,"_editorskit_block_options_position":"{}","footnotes":""},"class_list":["post-2243","page","type-page","status-publish","has-post-thumbnail","hentry"],"yoast_head":"<!-- This site is optimized with the Yoast SEO plugin v27.4 - https:\/\/yoast.com\/product\/yoast-seo-wordpress\/ -->\n<title>Spatial and free-hanging absorbers &#8212; DryCon<\/title>\n<meta name=\"robots\" content=\"index, follow, max-snippet:-1, max-image-preview:large, max-video-preview:-1\" \/>\n<link rel=\"canonical\" href=\"https:\/\/www.menimepriestor.sk\/en\/acoustic-ceilings\/spatial-and-free-hanging-absorbers\/\" \/>\n<meta property=\"og:locale\" content=\"en_US\" \/>\n<meta property=\"og:type\" content=\"article\" \/>\n<meta property=\"og:title\" content=\"Spatial and free-hanging absorbers &#8212; DryCon\" \/>\n<meta property=\"og:description\" content=\"Spatial and free-hanging absorbers are a suitable solution for interior ceilings where it is not possible to place a full ceiling (either cassette or plasterboard) or, in the case of other modern spaces, when we want to preserve the original ceiling or to emphasize the industrial character of the ceiling (Architectural concrete) and thereby achieve [...]\" \/>\n<meta property=\"og:url\" content=\"https:\/\/www.menimepriestor.sk\/en\/acoustic-ceilings\/spatial-and-free-hanging-absorbers\/\" \/>\n<meta property=\"og:site_name\" content=\"DryCon\" \/>\n<meta property=\"article:publisher\" content=\"https:\/\/www.facebook.com\/menimepriestor.sk\" \/>\n<meta property=\"article:modified_time\" content=\"2019-06-27T15:56:27+00:00\" \/>\n<meta property=\"og:image\" content=\"https:\/\/www.menimepriestor.sk\/wp-content\/uploads\/2019\/07\/P4MP4360a.jpg\" \/>\n\t<meta property=\"og:image:width\" content=\"1920\" \/>\n\t<meta property=\"og:image:height\" content=\"900\" \/>\n\t<meta property=\"og:image:type\" content=\"image\/jpeg\" \/>\n<meta name=\"twitter:card\" content=\"summary_large_image\" \/>\n<meta name=\"twitter:label1\" content=\"Est. reading time\" \/>\n\t<meta name=\"twitter:data1\" content=\"1 minute\" \/>\n<script type=\"application\/ld+json\" class=\"yoast-schema-graph\">{\"@context\":\"https:\\\/\\\/schema.org\",\"@graph\":[{\"@type\":\"WebPage\",\"@id\":\"https:\\\/\\\/www.menimepriestor.sk\\\/en\\\/acoustic-ceilings\\\/spatial-and-free-hanging-absorbers\\\/\",\"url\":\"https:\\\/\\\/www.menimepriestor.sk\\\/en\\\/acoustic-ceilings\\\/spatial-and-free-hanging-absorbers\\\/\",\"name\":\"Spatial and free-hanging absorbers &#8212; DryCon\",\"isPartOf\":{\"@id\":\"https:\\\/\\\/www.menimepriestor.sk\\\/en\\\/#website\"},\"primaryImageOfPage\":{\"@id\":\"https:\\\/\\\/www.menimepriestor.sk\\\/en\\\/acoustic-ceilings\\\/spatial-and-free-hanging-absorbers\\\/#primaryimage\"},\"image\":{\"@id\":\"https:\\\/\\\/www.menimepriestor.sk\\\/en\\\/acoustic-ceilings\\\/spatial-and-free-hanging-absorbers\\\/#primaryimage\"},\"thumbnailUrl\":\"https:\\\/\\\/www.menimepriestor.sk\\\/wp-content\\\/uploads\\\/2019\\\/07\\\/P4MP4360a.jpg\",\"datePublished\":\"2019-06-27T14:59:38+00:00\",\"dateModified\":\"2019-06-27T15:56:27+00:00\",\"breadcrumb\":{\"@id\":\"https:\\\/\\\/www.menimepriestor.sk\\\/en\\\/acoustic-ceilings\\\/spatial-and-free-hanging-absorbers\\\/#breadcrumb\"},\"inLanguage\":\"en-US\",\"potentialAction\":[{\"@type\":\"ReadAction\",\"target\":[\"https:\\\/\\\/www.menimepriestor.sk\\\/en\\\/acoustic-ceilings\\\/spatial-and-free-hanging-absorbers\\\/\"]}]},{\"@type\":\"ImageObject\",\"inLanguage\":\"en-US\",\"@id\":\"https:\\\/\\\/www.menimepriestor.sk\\\/en\\\/acoustic-ceilings\\\/spatial-and-free-hanging-absorbers\\\/#primaryimage\",\"url\":\"https:\\\/\\\/www.menimepriestor.sk\\\/wp-content\\\/uploads\\\/2019\\\/07\\\/P4MP4360a.jpg\",\"contentUrl\":\"https:\\\/\\\/www.menimepriestor.sk\\\/wp-content\\\/uploads\\\/2019\\\/07\\\/P4MP4360a.jpg\",\"width\":1600,\"height\":750},{\"@type\":\"BreadcrumbList\",\"@id\":\"https:\\\/\\\/www.menimepriestor.sk\\\/en\\\/acoustic-ceilings\\\/spatial-and-free-hanging-absorbers\\\/#breadcrumb\",\"itemListElement\":[{\"@type\":\"ListItem\",\"position\":1,\"name\":\"Home\",\"item\":\"https:\\\/\\\/www.menimepriestor.sk\\\/en\\\/\"},{\"@type\":\"ListItem\",\"position\":2,\"name\":\"Acoustic ceilings\",\"item\":\"https:\\\/\\\/www.menimepriestor.sk\\\/en\\\/acoustic-ceilings\\\/\"},{\"@type\":\"ListItem\",\"position\":3,\"name\":\"Spatial and free-hanging absorbers\"}]},{\"@type\":\"WebSite\",\"@id\":\"https:\\\/\\\/www.menimepriestor.sk\\\/en\\\/#website\",\"url\":\"https:\\\/\\\/www.menimepriestor.sk\\\/en\\\/\",\"name\":\"DryCon\",\"description\":\"Men\u00edme priestor na komfortn\u00fd interi\u00e9r\",\"publisher\":{\"@id\":\"https:\\\/\\\/www.menimepriestor.sk\\\/en\\\/#organization\"},\"potentialAction\":[{\"@type\":\"SearchAction\",\"target\":{\"@type\":\"EntryPoint\",\"urlTemplate\":\"https:\\\/\\\/www.menimepriestor.sk\\\/en\\\/?s={search_term_string}\"},\"query-input\":{\"@type\":\"PropertyValueSpecification\",\"valueRequired\":true,\"valueName\":\"search_term_string\"}}],\"inLanguage\":\"en-US\"},{\"@type\":\"Organization\",\"@id\":\"https:\\\/\\\/www.menimepriestor.sk\\\/en\\\/#organization\",\"name\":\"DryCon, s.r.o.\",\"url\":\"https:\\\/\\\/www.menimepriestor.sk\\\/en\\\/\",\"logo\":{\"@type\":\"ImageObject\",\"inLanguage\":\"en-US\",\"@id\":\"https:\\\/\\\/www.menimepriestor.sk\\\/en\\\/#\\\/schema\\\/logo\\\/image\\\/\",\"url\":\"https:\\\/\\\/www.menimepriestor.sk\\\/wp-content\\\/uploads\\\/2019\\\/06\\\/logo.png\",\"contentUrl\":\"https:\\\/\\\/www.menimepriestor.sk\\\/wp-content\\\/uploads\\\/2019\\\/06\\\/logo.png\",\"width\":572,\"height\":172,\"caption\":\"DryCon, s.r.o.\"},\"image\":{\"@id\":\"https:\\\/\\\/www.menimepriestor.sk\\\/en\\\/#\\\/schema\\\/logo\\\/image\\\/\"},\"sameAs\":[\"https:\\\/\\\/www.facebook.com\\\/menimepriestor.sk\",\"https:\\\/\\\/www.instagram.com\\\/menimepriestor\\\/\"]}]}<\/script>\n<!-- \/ Yoast SEO plugin. -->","yoast_head_json":{"title":"Spatial and free-hanging absorbers &#8212; DryCon","robots":{"index":"index","follow":"follow","max-snippet":"max-snippet:-1","max-image-preview":"max-image-preview:large","max-video-preview":"max-video-preview:-1"},"canonical":"https:\/\/www.menimepriestor.sk\/en\/acoustic-ceilings\/spatial-and-free-hanging-absorbers\/","og_locale":"en_US","og_type":"article","og_title":"Spatial and free-hanging absorbers &#8212; DryCon","og_description":"Spatial and free-hanging absorbers are a suitable solution for interior ceilings where it is not possible to place a full ceiling (either cassette or plasterboard) or, in the case of other modern spaces, when we want to preserve the original ceiling or to emphasize the industrial character of the ceiling (Architectural concrete) and thereby achieve [...]","og_url":"https:\/\/www.menimepriestor.sk\/en\/acoustic-ceilings\/spatial-and-free-hanging-absorbers\/","og_site_name":"DryCon","article_publisher":"https:\/\/www.facebook.com\/menimepriestor.sk","article_modified_time":"2019-06-27T15:56:27+00:00","og_image":[{"width":1920,"height":900,"url":"https:\/\/www.menimepriestor.sk\/wp-content\/uploads\/2019\/07\/P4MP4360a.jpg","type":"image\/jpeg"}],"twitter_card":"summary_large_image","twitter_misc":{"Est. reading time":"1 minute"},"schema":{"@context":"https:\/\/schema.org","@graph":[{"@type":"WebPage","@id":"https:\/\/www.menimepriestor.sk\/en\/acoustic-ceilings\/spatial-and-free-hanging-absorbers\/","url":"https:\/\/www.menimepriestor.sk\/en\/acoustic-ceilings\/spatial-and-free-hanging-absorbers\/","name":"Spatial and free-hanging absorbers &#8212; DryCon","isPartOf":{"@id":"https:\/\/www.menimepriestor.sk\/en\/#website"},"primaryImageOfPage":{"@id":"https:\/\/www.menimepriestor.sk\/en\/acoustic-ceilings\/spatial-and-free-hanging-absorbers\/#primaryimage"},"image":{"@id":"https:\/\/www.menimepriestor.sk\/en\/acoustic-ceilings\/spatial-and-free-hanging-absorbers\/#primaryimage"},"thumbnailUrl":"https:\/\/www.menimepriestor.sk\/wp-content\/uploads\/2019\/07\/P4MP4360a.jpg","datePublished":"2019-06-27T14:59:38+00:00","dateModified":"2019-06-27T15:56:27+00:00","breadcrumb":{"@id":"https:\/\/www.menimepriestor.sk\/en\/acoustic-ceilings\/spatial-and-free-hanging-absorbers\/#breadcrumb"},"inLanguage":"en-US","potentialAction":[{"@type":"ReadAction","target":["https:\/\/www.menimepriestor.sk\/en\/acoustic-ceilings\/spatial-and-free-hanging-absorbers\/"]}]},{"@type":"ImageObject","inLanguage":"en-US","@id":"https:\/\/www.menimepriestor.sk\/en\/acoustic-ceilings\/spatial-and-free-hanging-absorbers\/#primaryimage","url":"https:\/\/www.menimepriestor.sk\/wp-content\/uploads\/2019\/07\/P4MP4360a.jpg","contentUrl":"https:\/\/www.menimepriestor.sk\/wp-content\/uploads\/2019\/07\/P4MP4360a.jpg","width":1600,"height":750},{"@type":"BreadcrumbList","@id":"https:\/\/www.menimepriestor.sk\/en\/acoustic-ceilings\/spatial-and-free-hanging-absorbers\/#breadcrumb","itemListElement":[{"@type":"ListItem","position":1,"name":"Home","item":"https:\/\/www.menimepriestor.sk\/en\/"},{"@type":"ListItem","position":2,"name":"Acoustic ceilings","item":"https:\/\/www.menimepriestor.sk\/en\/acoustic-ceilings\/"},{"@type":"ListItem","position":3,"name":"Spatial and free-hanging absorbers"}]},{"@type":"WebSite","@id":"https:\/\/www.menimepriestor.sk\/en\/#website","url":"https:\/\/www.menimepriestor.sk\/en\/","name":"DryCon","description":"Men\u00edme priestor na komfortn\u00fd interi\u00e9r","publisher":{"@id":"https:\/\/www.menimepriestor.sk\/en\/#organization"},"potentialAction":[{"@type":"SearchAction","target":{"@type":"EntryPoint","urlTemplate":"https:\/\/www.menimepriestor.sk\/en\/?s={search_term_string}"},"query-input":{"@type":"PropertyValueSpecification","valueRequired":true,"valueName":"search_term_string"}}],"inLanguage":"en-US"},{"@type":"Organization","@id":"https:\/\/www.menimepriestor.sk\/en\/#organization","name":"DryCon, s.r.o.","url":"https:\/\/www.menimepriestor.sk\/en\/","logo":{"@type":"ImageObject","inLanguage":"en-US","@id":"https:\/\/www.menimepriestor.sk\/en\/#\/schema\/logo\/image\/","url":"https:\/\/www.menimepriestor.sk\/wp-content\/uploads\/2019\/06\/logo.png","contentUrl":"https:\/\/www.menimepriestor.sk\/wp-content\/uploads\/2019\/06\/logo.png","width":572,"height":172,"caption":"DryCon, s.r.o."},"image":{"@id":"https:\/\/www.menimepriestor.sk\/en\/#\/schema\/logo\/image\/"},"sameAs":["https:\/\/www.facebook.com\/menimepriestor.sk","https:\/\/www.instagram.com\/menimepriestor\/"]}]}},"wpmagazine_modules_lite_featured_media_urls":{"thumbnail":["https:\/\/www.menimepriestor.sk\/wp-content\/uploads\/2019\/07\/P4MP4360a-150x150.jpg",150,150,true],"cvmm-medium":["https:\/\/www.menimepriestor.sk\/wp-content\/uploads\/2019\/07\/P4MP4360a.jpg",300,141,false],"cvmm-medium-plus":["https:\/\/www.menimepriestor.sk\/wp-content\/uploads\/2019\/07\/P4MP4360a.jpg",305,143,false],"cvmm-portrait":["https:\/\/www.menimepriestor.sk\/wp-content\/uploads\/2019\/07\/P4MP4360a.jpg",400,188,false],"cvmm-medium-square":["https:\/\/www.menimepriestor.sk\/wp-content\/uploads\/2019\/07\/P4MP4360a.jpg",600,281,false],"cvmm-large":["https:\/\/www.menimepriestor.sk\/wp-content\/uploads\/2019\/07\/P4MP4360a.jpg",1024,480,false],"cvmm-small":["https:\/\/www.menimepriestor.sk\/wp-content\/uploads\/2019\/07\/P4MP4360a.jpg",130,61,false],"full":["https:\/\/www.menimepriestor.sk\/wp-content\/uploads\/2019\/07\/P4MP4360a.jpg",1600,750,false]},"categories_names":null,"comments_number":"0","_links":{"self":[{"href":"https:\/\/www.menimepriestor.sk\/en\/wp-json\/wp\/v2\/pages\/2243","targetHints":{"allow":["GET"]}}],"collection":[{"href":"https:\/\/www.menimepriestor.sk\/en\/wp-json\/wp\/v2\/pages"}],"about":[{"href":"https:\/\/www.menimepriestor.sk\/en\/wp-json\/wp\/v2\/types\/page"}],"author":[{"embeddable":true,"href":"https:\/\/www.menimepriestor.sk\/en\/wp-json\/wp\/v2\/users\/2"}],"replies":[{"embeddable":true,"href":"https:\/\/www.menimepriestor.sk\/en\/wp-json\/wp\/v2\/comments?post=2243"}],"version-history":[{"count":0,"href":"https:\/\/www.menimepriestor.sk\/en\/wp-json\/wp\/v2\/pages\/2243\/revisions"}],"up":[{"embeddable":true,"href":"https:\/\/www.menimepriestor.sk\/en\/wp-json\/wp\/v2\/pages\/1494"}],"wp:featuredmedia":[{"embeddable":true,"href":"https:\/\/www.menimepriestor.sk\/en\/wp-json\/wp\/v2\/media\/2412"}],"wp:attachment":[{"href":"https:\/\/www.menimepriestor.sk\/en\/wp-json\/wp\/v2\/media?parent=2243"}],"curies":[{"name":"wp","href":"https:\/\/api.w.org\/{rel}","templated":true}]}}