{"id":2702,"date":"2019-07-07T16:51:40","date_gmt":"2019-07-07T14:51:40","guid":{"rendered":"https:\/\/www.menimepriestor.sk\/?page_id=2702"},"modified":"2019-07-07T17:03:39","modified_gmt":"2019-07-07T15:03:39","slug":"raum-und-freihaengende-absorber","status":"publish","type":"page","link":"https:\/\/www.menimepriestor.sk\/de\/akustische-decken\/raum-und-freihaengende-absorber\/","title":{"rendered":"Raum- und freih\u00e4ngende Absorber"},"content":{"rendered":"\n<p>Raum- und freih\u00e4ngende Absorber sind eine geeignete L\u00f6sung f\u00fcr Innendecken, bei denen eine Volldecke (Kassette oder Gipskartonplatte) nicht angebracht werden kann oder bei anderen modernen R\u00e4umen mit urspr\u00fcnglichen Decken oder wo der industrielle Charakter der Decke hervorgehoben werden soll und dabei sowohl einfacher Zugang zu Installationen als auch maximaler akustischer Komfort im Raum erzielt werden soll. Sie zeichnen sich durch einfache Montage und unkonventionelle Innenraumgestaltung aus.<\/p>\n\n\n\n<!--more-->\n\n\n\n<p>Die Absorber k\u00f6nnen <strong>horizontal<\/strong> sein \u2013 in verschiedenen Formen wie Kreise, Dreiecke, Quadrate und <strong>vertikal<\/strong>, die getrennt an den Litzen oder an der Struktur, die die Rippen bildet, aufgeh\u00e4ngt sind.<\/p>\n\n\n\n<ul class=\"wp-block-gallery columns-3 is-cropped wp-block-gallery-1 is-layout-flex wp-block-gallery-is-layout-flex\"><li class=\"blocks-gallery-item\"><figure><a href=\"https:\/\/www.menimepriestor.sk\/wp-content\/uploads\/2019\/06\/Menimepriestor-Akusticke-priestazaves-1-1024x683.jpg\"><img loading=\"lazy\" decoding=\"async\" width=\"1024\" height=\"683\" src=\"https:\/\/www.menimepriestor.sk\/wp-content\/uploads\/2019\/06\/Menimepriestor-Akusticke-priestazaves-1-1024x683.jpg\" alt=\"\" data-id=\"1760\" data-link=\"https:\/\/www.menimepriestor.sk\/akusticke-stropy\/priestorove-a-volne-zavesene-absorbery\/olympus-digital-camera-14\/#main\" class=\"wp-image-1760\" srcset=\"https:\/\/www.menimepriestor.sk\/wp-content\/uploads\/2019\/06\/Menimepriestor-Akusticke-priestazaves-1-1024x683.jpg 1024w, https:\/\/www.menimepriestor.sk\/wp-content\/uploads\/2019\/06\/Menimepriestor-Akusticke-priestazaves-1-300x200.jpg 300w, https:\/\/www.menimepriestor.sk\/wp-content\/uploads\/2019\/06\/Menimepriestor-Akusticke-priestazaves-1-768x512.jpg 768w, https:\/\/www.menimepriestor.sk\/wp-content\/uploads\/2019\/06\/Menimepriestor-Akusticke-priestazaves-1.jpg 1600w\" sizes=\"auto, (max-width: 1024px) 100vw, 1024px\" \/><\/a><\/figure><\/li><li class=\"blocks-gallery-item\"><figure><a href=\"https:\/\/www.menimepriestor.sk\/wp-content\/uploads\/2019\/06\/Menimepriestor-Akusticke-priestazaves-2-1024x683.jpg\"><img loading=\"lazy\" decoding=\"async\" width=\"1024\" height=\"683\" src=\"https:\/\/www.menimepriestor.sk\/wp-content\/uploads\/2019\/06\/Menimepriestor-Akusticke-priestazaves-2-1024x683.jpg\" alt=\"\" data-id=\"1764\" data-link=\"https:\/\/www.menimepriestor.sk\/akusticke-stropy\/priestorove-a-volne-zavesene-absorbery\/menimepriestor-akusticke-priestazaves-2\/#main\" class=\"wp-image-1764\" srcset=\"https:\/\/www.menimepriestor.sk\/wp-content\/uploads\/2019\/06\/Menimepriestor-Akusticke-priestazaves-2-1024x683.jpg 1024w, https:\/\/www.menimepriestor.sk\/wp-content\/uploads\/2019\/06\/Menimepriestor-Akusticke-priestazaves-2-300x200.jpg 300w, https:\/\/www.menimepriestor.sk\/wp-content\/uploads\/2019\/06\/Menimepriestor-Akusticke-priestazaves-2-768x512.jpg 768w, https:\/\/www.menimepriestor.sk\/wp-content\/uploads\/2019\/06\/Menimepriestor-Akusticke-priestazaves-2.jpg 1600w\" sizes=\"auto, (max-width: 1024px) 100vw, 1024px\" \/><\/a><\/figure><\/li><li class=\"blocks-gallery-item\"><figure><a href=\"https:\/\/www.menimepriestor.sk\/wp-content\/uploads\/2019\/06\/Menimepriestor-Akusticke-priestazaves-3-1024x683.jpg\"><img loading=\"lazy\" decoding=\"async\" width=\"1024\" height=\"683\" src=\"https:\/\/www.menimepriestor.sk\/wp-content\/uploads\/2019\/06\/Menimepriestor-Akusticke-priestazaves-3-1024x683.jpg\" alt=\"\" data-id=\"1768\" data-link=\"https:\/\/www.menimepriestor.sk\/akusticke-stropy\/priestorove-a-volne-zavesene-absorbery\/menimepriestor-akusticke-priestazaves-3\/#main\" class=\"wp-image-1768\" srcset=\"https:\/\/www.menimepriestor.sk\/wp-content\/uploads\/2019\/06\/Menimepriestor-Akusticke-priestazaves-3-1024x683.jpg 1024w, https:\/\/www.menimepriestor.sk\/wp-content\/uploads\/2019\/06\/Menimepriestor-Akusticke-priestazaves-3-300x200.jpg 300w, https:\/\/www.menimepriestor.sk\/wp-content\/uploads\/2019\/06\/Menimepriestor-Akusticke-priestazaves-3-768x512.jpg 768w, https:\/\/www.menimepriestor.sk\/wp-content\/uploads\/2019\/06\/Menimepriestor-Akusticke-priestazaves-3.jpg 1600w\" sizes=\"auto, (max-width: 1024px) 100vw, 1024px\" \/><\/a><\/figure><\/li><li class=\"blocks-gallery-item\"><figure><a href=\"https:\/\/www.menimepriestor.sk\/wp-content\/uploads\/2019\/06\/Menimepriestor-Akusticke-priestazaves-4-1024x683.jpg\"><img loading=\"lazy\" decoding=\"async\" width=\"1024\" height=\"683\" src=\"https:\/\/www.menimepriestor.sk\/wp-content\/uploads\/2019\/06\/Menimepriestor-Akusticke-priestazaves-4-1024x683.jpg\" alt=\"\" data-id=\"1772\" data-link=\"https:\/\/www.menimepriestor.sk\/akusticke-stropy\/priestorove-a-volne-zavesene-absorbery\/menimepriestor-akusticke-priestazaves-4\/#main\" class=\"wp-image-1772\" srcset=\"https:\/\/www.menimepriestor.sk\/wp-content\/uploads\/2019\/06\/Menimepriestor-Akusticke-priestazaves-4-1024x683.jpg 1024w, https:\/\/www.menimepriestor.sk\/wp-content\/uploads\/2019\/06\/Menimepriestor-Akusticke-priestazaves-4-300x200.jpg 300w, https:\/\/www.menimepriestor.sk\/wp-content\/uploads\/2019\/06\/Menimepriestor-Akusticke-priestazaves-4-768x512.jpg 768w, https:\/\/www.menimepriestor.sk\/wp-content\/uploads\/2019\/06\/Menimepriestor-Akusticke-priestazaves-4.jpg 1600w\" sizes=\"auto, (max-width: 1024px) 100vw, 1024px\" \/><\/a><\/figure><\/li><li class=\"blocks-gallery-item\"><figure><a href=\"https:\/\/www.menimepriestor.sk\/wp-content\/uploads\/2019\/06\/Menimepriestor-Akusticke-priestazaves-5-1024x683.jpg\"><img loading=\"lazy\" decoding=\"async\" width=\"1024\" height=\"683\" src=\"https:\/\/www.menimepriestor.sk\/wp-content\/uploads\/2019\/06\/Menimepriestor-Akusticke-priestazaves-5-1024x683.jpg\" alt=\"\" data-id=\"1776\" data-link=\"https:\/\/www.menimepriestor.sk\/akusticke-stropy\/priestorove-a-volne-zavesene-absorbery\/menimepriestor-akusticke-priestazaves-5\/#main\" class=\"wp-image-1776\" srcset=\"https:\/\/www.menimepriestor.sk\/wp-content\/uploads\/2019\/06\/Menimepriestor-Akusticke-priestazaves-5-1024x683.jpg 1024w, https:\/\/www.menimepriestor.sk\/wp-content\/uploads\/2019\/06\/Menimepriestor-Akusticke-priestazaves-5-300x200.jpg 300w, https:\/\/www.menimepriestor.sk\/wp-content\/uploads\/2019\/06\/Menimepriestor-Akusticke-priestazaves-5-768x512.jpg 768w, https:\/\/www.menimepriestor.sk\/wp-content\/uploads\/2019\/06\/Menimepriestor-Akusticke-priestazaves-5.jpg 1600w\" sizes=\"auto, (max-width: 1024px) 100vw, 1024px\" \/><\/a><\/figure><\/li><li class=\"blocks-gallery-item\"><figure><a href=\"https:\/\/www.menimepriestor.sk\/wp-content\/uploads\/2019\/06\/Menimepriestor-Akusticke-priestazaves-6-1024x683.jpg\"><img loading=\"lazy\" decoding=\"async\" width=\"1024\" height=\"683\" src=\"https:\/\/www.menimepriestor.sk\/wp-content\/uploads\/2019\/06\/Menimepriestor-Akusticke-priestazaves-6-1024x683.jpg\" alt=\"\" data-id=\"1780\" data-link=\"https:\/\/www.menimepriestor.sk\/akusticke-stropy\/priestorove-a-volne-zavesene-absorbery\/menimepriestor-akusticke-priestazaves-6\/#main\" class=\"wp-image-1780\" srcset=\"https:\/\/www.menimepriestor.sk\/wp-content\/uploads\/2019\/06\/Menimepriestor-Akusticke-priestazaves-6-1024x683.jpg 1024w, https:\/\/www.menimepriestor.sk\/wp-content\/uploads\/2019\/06\/Menimepriestor-Akusticke-priestazaves-6-300x200.jpg 300w, https:\/\/www.menimepriestor.sk\/wp-content\/uploads\/2019\/06\/Menimepriestor-Akusticke-priestazaves-6-768x512.jpg 768w, https:\/\/www.menimepriestor.sk\/wp-content\/uploads\/2019\/06\/Menimepriestor-Akusticke-priestazaves-6.jpg 1600w\" sizes=\"auto, (max-width: 1024px) 100vw, 1024px\" \/><\/a><\/figure><\/li><li class=\"blocks-gallery-item\"><figure><a href=\"https:\/\/www.menimepriestor.sk\/wp-content\/uploads\/2019\/06\/Menimepriestor-Akusticke-priestazaves-7-1024x683.jpg\"><img loading=\"lazy\" decoding=\"async\" width=\"1024\" height=\"683\" src=\"https:\/\/www.menimepriestor.sk\/wp-content\/uploads\/2019\/06\/Menimepriestor-Akusticke-priestazaves-7-1024x683.jpg\" alt=\"\" data-id=\"1784\" data-link=\"https:\/\/www.menimepriestor.sk\/akusticke-stropy\/priestorove-a-volne-zavesene-absorbery\/menimepriestor-akusticke-priestazaves-7\/#main\" class=\"wp-image-1784\" srcset=\"https:\/\/www.menimepriestor.sk\/wp-content\/uploads\/2019\/06\/Menimepriestor-Akusticke-priestazaves-7-1024x683.jpg 1024w, https:\/\/www.menimepriestor.sk\/wp-content\/uploads\/2019\/06\/Menimepriestor-Akusticke-priestazaves-7-300x200.jpg 300w, https:\/\/www.menimepriestor.sk\/wp-content\/uploads\/2019\/06\/Menimepriestor-Akusticke-priestazaves-7-768x512.jpg 768w, https:\/\/www.menimepriestor.sk\/wp-content\/uploads\/2019\/06\/Menimepriestor-Akusticke-priestazaves-7.jpg 1600w\" sizes=\"auto, (max-width: 1024px) 100vw, 1024px\" \/><\/a><\/figure><\/li><li class=\"blocks-gallery-item\"><figure><a href=\"https:\/\/www.menimepriestor.sk\/wp-content\/uploads\/2019\/06\/Menimepriestor-Akusticke-priestazaves-8-1024x683.jpg\"><img loading=\"lazy\" decoding=\"async\" width=\"1024\" height=\"683\" src=\"https:\/\/www.menimepriestor.sk\/wp-content\/uploads\/2019\/06\/Menimepriestor-Akusticke-priestazaves-8-1024x683.jpg\" alt=\"\" data-id=\"1788\" data-link=\"https:\/\/www.menimepriestor.sk\/akusticke-stropy\/priestorove-a-volne-zavesene-absorbery\/menimepriestor-akusticke-priestazaves-8\/#main\" class=\"wp-image-1788\" srcset=\"https:\/\/www.menimepriestor.sk\/wp-content\/uploads\/2019\/06\/Menimepriestor-Akusticke-priestazaves-8-1024x683.jpg 1024w, https:\/\/www.menimepriestor.sk\/wp-content\/uploads\/2019\/06\/Menimepriestor-Akusticke-priestazaves-8-300x200.jpg 300w, https:\/\/www.menimepriestor.sk\/wp-content\/uploads\/2019\/06\/Menimepriestor-Akusticke-priestazaves-8-768x512.jpg 768w, https:\/\/www.menimepriestor.sk\/wp-content\/uploads\/2019\/06\/Menimepriestor-Akusticke-priestazaves-8.jpg 1600w\" sizes=\"auto, (max-width: 1024px) 100vw, 1024px\" \/><\/a><\/figure><\/li><li class=\"blocks-gallery-item\"><figure><a href=\"https:\/\/www.menimepriestor.sk\/wp-content\/uploads\/2019\/06\/Menimepriestor-Akusticke-priestazaves-9-1024x683.jpg\"><img loading=\"lazy\" decoding=\"async\" width=\"1024\" height=\"683\" src=\"https:\/\/www.menimepriestor.sk\/wp-content\/uploads\/2019\/06\/Menimepriestor-Akusticke-priestazaves-9-1024x683.jpg\" alt=\"\" data-id=\"1792\" data-link=\"https:\/\/www.menimepriestor.sk\/akusticke-stropy\/priestorove-a-volne-zavesene-absorbery\/menimepriestor-akusticke-priestazaves-9\/#main\" class=\"wp-image-1792\" srcset=\"https:\/\/www.menimepriestor.sk\/wp-content\/uploads\/2019\/06\/Menimepriestor-Akusticke-priestazaves-9-1024x683.jpg 1024w, https:\/\/www.menimepriestor.sk\/wp-content\/uploads\/2019\/06\/Menimepriestor-Akusticke-priestazaves-9-300x200.jpg 300w, https:\/\/www.menimepriestor.sk\/wp-content\/uploads\/2019\/06\/Menimepriestor-Akusticke-priestazaves-9-768x512.jpg 768w, https:\/\/www.menimepriestor.sk\/wp-content\/uploads\/2019\/06\/Menimepriestor-Akusticke-priestazaves-9.jpg 1600w\" sizes=\"auto, (max-width: 1024px) 100vw, 1024px\" \/><\/a><\/figure><\/li><li class=\"blocks-gallery-item\"><figure><a href=\"https:\/\/www.menimepriestor.sk\/wp-content\/uploads\/2019\/06\/Menimepriestor-Akusticke-priestazaves-10-1024x683.jpg\"><img loading=\"lazy\" decoding=\"async\" width=\"1024\" height=\"683\" src=\"https:\/\/www.menimepriestor.sk\/wp-content\/uploads\/2019\/06\/Menimepriestor-Akusticke-priestazaves-10-1024x683.jpg\" alt=\"\" data-id=\"1796\" data-link=\"https:\/\/www.menimepriestor.sk\/akusticke-stropy\/priestorove-a-volne-zavesene-absorbery\/menimepriestor-akusticke-priestazaves-10\/#main\" class=\"wp-image-1796\" srcset=\"https:\/\/www.menimepriestor.sk\/wp-content\/uploads\/2019\/06\/Menimepriestor-Akusticke-priestazaves-10-1024x683.jpg 1024w, https:\/\/www.menimepriestor.sk\/wp-content\/uploads\/2019\/06\/Menimepriestor-Akusticke-priestazaves-10-300x200.jpg 300w, https:\/\/www.menimepriestor.sk\/wp-content\/uploads\/2019\/06\/Menimepriestor-Akusticke-priestazaves-10-768x512.jpg 768w, https:\/\/www.menimepriestor.sk\/wp-content\/uploads\/2019\/06\/Menimepriestor-Akusticke-priestazaves-10.jpg 1600w\" sizes=\"auto, (max-width: 1024px) 100vw, 1024px\" \/><\/a><\/figure><\/li><li class=\"blocks-gallery-item\"><figure><a href=\"https:\/\/www.menimepriestor.sk\/wp-content\/uploads\/2019\/06\/Menimepriestor-Akusticke-priestazaves-11-1024x683.jpg\"><img loading=\"lazy\" decoding=\"async\" width=\"1024\" height=\"683\" src=\"https:\/\/www.menimepriestor.sk\/wp-content\/uploads\/2019\/06\/Menimepriestor-Akusticke-priestazaves-11-1024x683.jpg\" alt=\"\" data-id=\"1800\" data-link=\"https:\/\/www.menimepriestor.sk\/akusticke-stropy\/priestorove-a-volne-zavesene-absorbery\/menimepriestor-akusticke-priestazaves-11\/#main\" class=\"wp-image-1800\" srcset=\"https:\/\/www.menimepriestor.sk\/wp-content\/uploads\/2019\/06\/Menimepriestor-Akusticke-priestazaves-11-1024x683.jpg 1024w, https:\/\/www.menimepriestor.sk\/wp-content\/uploads\/2019\/06\/Menimepriestor-Akusticke-priestazaves-11-300x200.jpg 300w, https:\/\/www.menimepriestor.sk\/wp-content\/uploads\/2019\/06\/Menimepriestor-Akusticke-priestazaves-11-768x512.jpg 768w, https:\/\/www.menimepriestor.sk\/wp-content\/uploads\/2019\/06\/Menimepriestor-Akusticke-priestazaves-11.jpg 1600w\" sizes=\"auto, (max-width: 1024px) 100vw, 1024px\" \/><\/a><\/figure><\/li><li class=\"blocks-gallery-item\"><figure><a href=\"https:\/\/www.menimepriestor.sk\/wp-content\/uploads\/2019\/06\/Menimepriestor-Akusticke-priestazaves-12-1024x683.jpg\"><img loading=\"lazy\" decoding=\"async\" width=\"1024\" height=\"683\" src=\"https:\/\/www.menimepriestor.sk\/wp-content\/uploads\/2019\/06\/Menimepriestor-Akusticke-priestazaves-12-1024x683.jpg\" alt=\"\" data-id=\"1804\" data-link=\"https:\/\/www.menimepriestor.sk\/akusticke-stropy\/priestorove-a-volne-zavesene-absorbery\/olympus-digital-camera-15\/#main\" class=\"wp-image-1804\" srcset=\"https:\/\/www.menimepriestor.sk\/wp-content\/uploads\/2019\/06\/Menimepriestor-Akusticke-priestazaves-12-1024x683.jpg 1024w, https:\/\/www.menimepriestor.sk\/wp-content\/uploads\/2019\/06\/Menimepriestor-Akusticke-priestazaves-12-300x200.jpg 300w, https:\/\/www.menimepriestor.sk\/wp-content\/uploads\/2019\/06\/Menimepriestor-Akusticke-priestazaves-12-768x512.jpg 768w, https:\/\/www.menimepriestor.sk\/wp-content\/uploads\/2019\/06\/Menimepriestor-Akusticke-priestazaves-12.jpg 1600w\" sizes=\"auto, (max-width: 1024px) 100vw, 1024px\" \/><\/a><\/figure><\/li><li class=\"blocks-gallery-item\"><figure><a href=\"https:\/\/www.menimepriestor.sk\/wp-content\/uploads\/2019\/06\/Menimepriestor-Akusticke-priestazaves-13-1024x683.jpg\"><img loading=\"lazy\" decoding=\"async\" width=\"1024\" height=\"683\" src=\"https:\/\/www.menimepriestor.sk\/wp-content\/uploads\/2019\/06\/Menimepriestor-Akusticke-priestazaves-13-1024x683.jpg\" alt=\"\" data-id=\"1808\" data-link=\"https:\/\/www.menimepriestor.sk\/akusticke-stropy\/priestorove-a-volne-zavesene-absorbery\/olympus-digital-camera-16\/#main\" class=\"wp-image-1808\" srcset=\"https:\/\/www.menimepriestor.sk\/wp-content\/uploads\/2019\/06\/Menimepriestor-Akusticke-priestazaves-13-1024x683.jpg 1024w, https:\/\/www.menimepriestor.sk\/wp-content\/uploads\/2019\/06\/Menimepriestor-Akusticke-priestazaves-13-300x200.jpg 300w, https:\/\/www.menimepriestor.sk\/wp-content\/uploads\/2019\/06\/Menimepriestor-Akusticke-priestazaves-13-768x512.jpg 768w, https:\/\/www.menimepriestor.sk\/wp-content\/uploads\/2019\/06\/Menimepriestor-Akusticke-priestazaves-13.jpg 1600w\" sizes=\"auto, (max-width: 1024px) 100vw, 1024px\" \/><\/a><\/figure><\/li><li class=\"blocks-gallery-item\"><figure><a href=\"https:\/\/www.menimepriestor.sk\/wp-content\/uploads\/2019\/06\/Menimepriestor-Akusticke-priestazaves-14-1024x683.jpg\"><img loading=\"lazy\" decoding=\"async\" width=\"1024\" height=\"683\" src=\"https:\/\/www.menimepriestor.sk\/wp-content\/uploads\/2019\/06\/Menimepriestor-Akusticke-priestazaves-14-1024x683.jpg\" alt=\"\" data-id=\"1812\" data-link=\"https:\/\/www.menimepriestor.sk\/akusticke-stropy\/priestorove-a-volne-zavesene-absorbery\/olympus-digital-camera-17\/#main\" class=\"wp-image-1812\" srcset=\"https:\/\/www.menimepriestor.sk\/wp-content\/uploads\/2019\/06\/Menimepriestor-Akusticke-priestazaves-14-1024x683.jpg 1024w, https:\/\/www.menimepriestor.sk\/wp-content\/uploads\/2019\/06\/Menimepriestor-Akusticke-priestazaves-14-300x200.jpg 300w, https:\/\/www.menimepriestor.sk\/wp-content\/uploads\/2019\/06\/Menimepriestor-Akusticke-priestazaves-14-768x512.jpg 768w, https:\/\/www.menimepriestor.sk\/wp-content\/uploads\/2019\/06\/Menimepriestor-Akusticke-priestazaves-14.jpg 1600w\" sizes=\"auto, (max-width: 1024px) 100vw, 1024px\" \/><\/a><\/figure><\/li><li class=\"blocks-gallery-item\"><figure><a href=\"https:\/\/www.menimepriestor.sk\/wp-content\/uploads\/2019\/06\/Menimepriestor-Akusticke-priestazaves-15-1024x683.jpg\"><img loading=\"lazy\" decoding=\"async\" width=\"1024\" height=\"683\" src=\"https:\/\/www.menimepriestor.sk\/wp-content\/uploads\/2019\/06\/Menimepriestor-Akusticke-priestazaves-15-1024x683.jpg\" alt=\"\" data-id=\"1816\" data-link=\"https:\/\/www.menimepriestor.sk\/akusticke-stropy\/priestorove-a-volne-zavesene-absorbery\/olympus-digital-camera-18\/#main\" class=\"wp-image-1816\" srcset=\"https:\/\/www.menimepriestor.sk\/wp-content\/uploads\/2019\/06\/Menimepriestor-Akusticke-priestazaves-15-1024x683.jpg 1024w, https:\/\/www.menimepriestor.sk\/wp-content\/uploads\/2019\/06\/Menimepriestor-Akusticke-priestazaves-15-300x200.jpg 300w, https:\/\/www.menimepriestor.sk\/wp-content\/uploads\/2019\/06\/Menimepriestor-Akusticke-priestazaves-15-768x512.jpg 768w, https:\/\/www.menimepriestor.sk\/wp-content\/uploads\/2019\/06\/Menimepriestor-Akusticke-priestazaves-15.jpg 1600w\" sizes=\"auto, (max-width: 1024px) 100vw, 1024px\" \/><\/a><\/figure><\/li><li class=\"blocks-gallery-item\"><figure><a href=\"https:\/\/www.menimepriestor.sk\/wp-content\/uploads\/2019\/06\/Menimepriestor-Akusticke-priestazaves-16-1024x683.jpg\"><img loading=\"lazy\" decoding=\"async\" width=\"1024\" height=\"683\" src=\"https:\/\/www.menimepriestor.sk\/wp-content\/uploads\/2019\/06\/Menimepriestor-Akusticke-priestazaves-16-1024x683.jpg\" alt=\"\" data-id=\"1820\" data-link=\"https:\/\/www.menimepriestor.sk\/akusticke-stropy\/priestorove-a-volne-zavesene-absorbery\/olympus-digital-camera-19\/#main\" class=\"wp-image-1820\" srcset=\"https:\/\/www.menimepriestor.sk\/wp-content\/uploads\/2019\/06\/Menimepriestor-Akusticke-priestazaves-16-1024x683.jpg 1024w, https:\/\/www.menimepriestor.sk\/wp-content\/uploads\/2019\/06\/Menimepriestor-Akusticke-priestazaves-16-300x200.jpg 300w, https:\/\/www.menimepriestor.sk\/wp-content\/uploads\/2019\/06\/Menimepriestor-Akusticke-priestazaves-16-768x512.jpg 768w, https:\/\/www.menimepriestor.sk\/wp-content\/uploads\/2019\/06\/Menimepriestor-Akusticke-priestazaves-16.jpg 1600w\" sizes=\"auto, (max-width: 1024px) 100vw, 1024px\" \/><\/a><\/figure><\/li><li class=\"blocks-gallery-item\"><figure><a href=\"https:\/\/www.menimepriestor.sk\/wp-content\/uploads\/2019\/06\/Menimepriestor-Akusticke-priestazaves-17-1024x683.jpg\"><img loading=\"lazy\" decoding=\"async\" width=\"1024\" height=\"683\" src=\"https:\/\/www.menimepriestor.sk\/wp-content\/uploads\/2019\/06\/Menimepriestor-Akusticke-priestazaves-17-1024x683.jpg\" alt=\"\" data-id=\"1824\" data-link=\"https:\/\/www.menimepriestor.sk\/akusticke-stropy\/priestorove-a-volne-zavesene-absorbery\/olympus-digital-camera-20\/#main\" class=\"wp-image-1824\" srcset=\"https:\/\/www.menimepriestor.sk\/wp-content\/uploads\/2019\/06\/Menimepriestor-Akusticke-priestazaves-17-1024x683.jpg 1024w, https:\/\/www.menimepriestor.sk\/wp-content\/uploads\/2019\/06\/Menimepriestor-Akusticke-priestazaves-17-300x200.jpg 300w, https:\/\/www.menimepriestor.sk\/wp-content\/uploads\/2019\/06\/Menimepriestor-Akusticke-priestazaves-17-768x512.jpg 768w, https:\/\/www.menimepriestor.sk\/wp-content\/uploads\/2019\/06\/Menimepriestor-Akusticke-priestazaves-17.jpg 1600w\" sizes=\"auto, (max-width: 1024px) 100vw, 1024px\" \/><\/a><\/figure><\/li><\/ul>\n","protected":false},"excerpt":{"rendered":"<p>Raum- und freih\u00e4ngende Absorber sind eine geeignete L\u00f6sung f\u00fcr Innendecken, bei denen eine Volldecke (Kassette oder Gipskartonplatte) nicht angebracht werden kann oder bei anderen modernen R\u00e4umen mit urspr\u00fcnglichen Decken oder wo der industrielle Charakter der Decke hervorgehoben werden soll und dabei sowohl einfacher Zugang zu Installationen als auch maximaler akustischer Komfort im Raum erzielt werden [&#8230;]\n","protected":false},"author":2,"featured_media":2413,"parent":1510,"menu_order":0,"comment_status":"closed","ping_status":"closed","template":"page-blank.php","meta":{"_editorskit_title_hidden":false,"_editorskit_reading_time":0,"_editorskit_is_block_options_detached":false,"_editorskit_block_options_position":"{}","footnotes":""},"class_list":["post-2702","page","type-page","status-publish","has-post-thumbnail","hentry"],"yoast_head":"<!-- This site is optimized with the Yoast SEO plugin v27.4 - https:\/\/yoast.com\/product\/yoast-seo-wordpress\/ -->\n<title>Raum- und freih\u00e4ngende Absorber &#8212; DryCon<\/title>\n<meta name=\"robots\" content=\"index, follow, max-snippet:-1, max-image-preview:large, max-video-preview:-1\" \/>\n<link rel=\"canonical\" href=\"https:\/\/www.menimepriestor.sk\/de\/akustische-decken\/raum-und-freihaengende-absorber\/\" \/>\n<meta property=\"og:locale\" content=\"de_DE\" \/>\n<meta property=\"og:type\" content=\"article\" \/>\n<meta property=\"og:title\" content=\"Raum- und freih\u00e4ngende Absorber &#8212; DryCon\" \/>\n<meta property=\"og:description\" content=\"Raum- und freih\u00e4ngende Absorber sind eine geeignete L\u00f6sung f\u00fcr Innendecken, bei denen eine Volldecke (Kassette oder Gipskartonplatte) nicht angebracht werden kann oder bei anderen modernen R\u00e4umen mit urspr\u00fcnglichen Decken oder wo der industrielle Charakter der Decke hervorgehoben werden soll und dabei sowohl einfacher Zugang zu Installationen als auch maximaler akustischer Komfort im Raum erzielt werden [...]\" \/>\n<meta property=\"og:url\" content=\"https:\/\/www.menimepriestor.sk\/de\/akustische-decken\/raum-und-freihaengende-absorber\/\" \/>\n<meta property=\"og:site_name\" content=\"DryCon\" \/>\n<meta property=\"article:publisher\" content=\"https:\/\/www.facebook.com\/menimepriestor.sk\" \/>\n<meta property=\"article:modified_time\" content=\"2019-07-07T15:03:39+00:00\" \/>\n<meta property=\"og:image\" content=\"https:\/\/www.menimepriestor.sk\/wp-content\/uploads\/2019\/07\/P4MP4360a.jpg\" \/>\n\t<meta property=\"og:image:width\" content=\"1920\" \/>\n\t<meta property=\"og:image:height\" content=\"900\" \/>\n\t<meta property=\"og:image:type\" content=\"image\/jpeg\" \/>\n<meta name=\"twitter:card\" content=\"summary_large_image\" \/>\n<meta name=\"twitter:label1\" content=\"Gesch\u00e4tzte Lesezeit\" \/>\n\t<meta name=\"twitter:data1\" content=\"1\u00a0Minute\" \/>\n<script type=\"application\/ld+json\" class=\"yoast-schema-graph\">{\"@context\":\"https:\\\/\\\/schema.org\",\"@graph\":[{\"@type\":\"WebPage\",\"@id\":\"https:\\\/\\\/www.menimepriestor.sk\\\/de\\\/akustische-decken\\\/raum-und-freihaengende-absorber\\\/\",\"url\":\"https:\\\/\\\/www.menimepriestor.sk\\\/de\\\/akustische-decken\\\/raum-und-freihaengende-absorber\\\/\",\"name\":\"Raum- und freih\u00e4ngende Absorber &#8212; DryCon\",\"isPartOf\":{\"@id\":\"https:\\\/\\\/www.menimepriestor.sk\\\/de\\\/#website\"},\"primaryImageOfPage\":{\"@id\":\"https:\\\/\\\/www.menimepriestor.sk\\\/de\\\/akustische-decken\\\/raum-und-freihaengende-absorber\\\/#primaryimage\"},\"image\":{\"@id\":\"https:\\\/\\\/www.menimepriestor.sk\\\/de\\\/akustische-decken\\\/raum-und-freihaengende-absorber\\\/#primaryimage\"},\"thumbnailUrl\":\"https:\\\/\\\/www.menimepriestor.sk\\\/wp-content\\\/uploads\\\/2019\\\/07\\\/P4MP4360a.jpg\",\"datePublished\":\"2019-07-07T14:51:40+00:00\",\"dateModified\":\"2019-07-07T15:03:39+00:00\",\"breadcrumb\":{\"@id\":\"https:\\\/\\\/www.menimepriestor.sk\\\/de\\\/akustische-decken\\\/raum-und-freihaengende-absorber\\\/#breadcrumb\"},\"inLanguage\":\"de\",\"potentialAction\":[{\"@type\":\"ReadAction\",\"target\":[\"https:\\\/\\\/www.menimepriestor.sk\\\/de\\\/akustische-decken\\\/raum-und-freihaengende-absorber\\\/\"]}]},{\"@type\":\"ImageObject\",\"inLanguage\":\"de\",\"@id\":\"https:\\\/\\\/www.menimepriestor.sk\\\/de\\\/akustische-decken\\\/raum-und-freihaengende-absorber\\\/#primaryimage\",\"url\":\"https:\\\/\\\/www.menimepriestor.sk\\\/wp-content\\\/uploads\\\/2019\\\/07\\\/P4MP4360a.jpg\",\"contentUrl\":\"https:\\\/\\\/www.menimepriestor.sk\\\/wp-content\\\/uploads\\\/2019\\\/07\\\/P4MP4360a.jpg\",\"width\":1600,\"height\":750},{\"@type\":\"BreadcrumbList\",\"@id\":\"https:\\\/\\\/www.menimepriestor.sk\\\/de\\\/akustische-decken\\\/raum-und-freihaengende-absorber\\\/#breadcrumb\",\"itemListElement\":[{\"@type\":\"ListItem\",\"position\":1,\"name\":\"Home\",\"item\":\"https:\\\/\\\/www.menimepriestor.sk\\\/de\\\/\"},{\"@type\":\"ListItem\",\"position\":2,\"name\":\"Akustische Decken\",\"item\":\"https:\\\/\\\/www.menimepriestor.sk\\\/de\\\/akustische-decken\\\/\"},{\"@type\":\"ListItem\",\"position\":3,\"name\":\"Raum- und freih\u00e4ngende Absorber\"}]},{\"@type\":\"WebSite\",\"@id\":\"https:\\\/\\\/www.menimepriestor.sk\\\/de\\\/#website\",\"url\":\"https:\\\/\\\/www.menimepriestor.sk\\\/de\\\/\",\"name\":\"DryCon\",\"description\":\"Men\u00edme priestor na komfortn\u00fd interi\u00e9r\",\"publisher\":{\"@id\":\"https:\\\/\\\/www.menimepriestor.sk\\\/de\\\/#organization\"},\"potentialAction\":[{\"@type\":\"SearchAction\",\"target\":{\"@type\":\"EntryPoint\",\"urlTemplate\":\"https:\\\/\\\/www.menimepriestor.sk\\\/de\\\/?s={search_term_string}\"},\"query-input\":{\"@type\":\"PropertyValueSpecification\",\"valueRequired\":true,\"valueName\":\"search_term_string\"}}],\"inLanguage\":\"de\"},{\"@type\":\"Organization\",\"@id\":\"https:\\\/\\\/www.menimepriestor.sk\\\/de\\\/#organization\",\"name\":\"DryCon, s.r.o.\",\"url\":\"https:\\\/\\\/www.menimepriestor.sk\\\/de\\\/\",\"logo\":{\"@type\":\"ImageObject\",\"inLanguage\":\"de\",\"@id\":\"https:\\\/\\\/www.menimepriestor.sk\\\/de\\\/#\\\/schema\\\/logo\\\/image\\\/\",\"url\":\"https:\\\/\\\/www.menimepriestor.sk\\\/wp-content\\\/uploads\\\/2019\\\/06\\\/logo.png\",\"contentUrl\":\"https:\\\/\\\/www.menimepriestor.sk\\\/wp-content\\\/uploads\\\/2019\\\/06\\\/logo.png\",\"width\":572,\"height\":172,\"caption\":\"DryCon, s.r.o.\"},\"image\":{\"@id\":\"https:\\\/\\\/www.menimepriestor.sk\\\/de\\\/#\\\/schema\\\/logo\\\/image\\\/\"},\"sameAs\":[\"https:\\\/\\\/www.facebook.com\\\/menimepriestor.sk\",\"https:\\\/\\\/www.instagram.com\\\/menimepriestor\\\/\"]}]}<\/script>\n<!-- \/ Yoast SEO plugin. -->","yoast_head_json":{"title":"Raum- und freih\u00e4ngende Absorber &#8212; DryCon","robots":{"index":"index","follow":"follow","max-snippet":"max-snippet:-1","max-image-preview":"max-image-preview:large","max-video-preview":"max-video-preview:-1"},"canonical":"https:\/\/www.menimepriestor.sk\/de\/akustische-decken\/raum-und-freihaengende-absorber\/","og_locale":"de_DE","og_type":"article","og_title":"Raum- und freih\u00e4ngende Absorber &#8212; DryCon","og_description":"Raum- und freih\u00e4ngende Absorber sind eine geeignete L\u00f6sung f\u00fcr Innendecken, bei denen eine Volldecke (Kassette oder Gipskartonplatte) nicht angebracht werden kann oder bei anderen modernen R\u00e4umen mit urspr\u00fcnglichen Decken oder wo der industrielle Charakter der Decke hervorgehoben werden soll und dabei sowohl einfacher Zugang zu Installationen als auch maximaler akustischer Komfort im Raum erzielt werden [...]","og_url":"https:\/\/www.menimepriestor.sk\/de\/akustische-decken\/raum-und-freihaengende-absorber\/","og_site_name":"DryCon","article_publisher":"https:\/\/www.facebook.com\/menimepriestor.sk","article_modified_time":"2019-07-07T15:03:39+00:00","og_image":[{"width":1920,"height":900,"url":"https:\/\/www.menimepriestor.sk\/wp-content\/uploads\/2019\/07\/P4MP4360a.jpg","type":"image\/jpeg"}],"twitter_card":"summary_large_image","twitter_misc":{"Gesch\u00e4tzte Lesezeit":"1\u00a0Minute"},"schema":{"@context":"https:\/\/schema.org","@graph":[{"@type":"WebPage","@id":"https:\/\/www.menimepriestor.sk\/de\/akustische-decken\/raum-und-freihaengende-absorber\/","url":"https:\/\/www.menimepriestor.sk\/de\/akustische-decken\/raum-und-freihaengende-absorber\/","name":"Raum- und freih\u00e4ngende Absorber &#8212; DryCon","isPartOf":{"@id":"https:\/\/www.menimepriestor.sk\/de\/#website"},"primaryImageOfPage":{"@id":"https:\/\/www.menimepriestor.sk\/de\/akustische-decken\/raum-und-freihaengende-absorber\/#primaryimage"},"image":{"@id":"https:\/\/www.menimepriestor.sk\/de\/akustische-decken\/raum-und-freihaengende-absorber\/#primaryimage"},"thumbnailUrl":"https:\/\/www.menimepriestor.sk\/wp-content\/uploads\/2019\/07\/P4MP4360a.jpg","datePublished":"2019-07-07T14:51:40+00:00","dateModified":"2019-07-07T15:03:39+00:00","breadcrumb":{"@id":"https:\/\/www.menimepriestor.sk\/de\/akustische-decken\/raum-und-freihaengende-absorber\/#breadcrumb"},"inLanguage":"de","potentialAction":[{"@type":"ReadAction","target":["https:\/\/www.menimepriestor.sk\/de\/akustische-decken\/raum-und-freihaengende-absorber\/"]}]},{"@type":"ImageObject","inLanguage":"de","@id":"https:\/\/www.menimepriestor.sk\/de\/akustische-decken\/raum-und-freihaengende-absorber\/#primaryimage","url":"https:\/\/www.menimepriestor.sk\/wp-content\/uploads\/2019\/07\/P4MP4360a.jpg","contentUrl":"https:\/\/www.menimepriestor.sk\/wp-content\/uploads\/2019\/07\/P4MP4360a.jpg","width":1600,"height":750},{"@type":"BreadcrumbList","@id":"https:\/\/www.menimepriestor.sk\/de\/akustische-decken\/raum-und-freihaengende-absorber\/#breadcrumb","itemListElement":[{"@type":"ListItem","position":1,"name":"Home","item":"https:\/\/www.menimepriestor.sk\/de\/"},{"@type":"ListItem","position":2,"name":"Akustische Decken","item":"https:\/\/www.menimepriestor.sk\/de\/akustische-decken\/"},{"@type":"ListItem","position":3,"name":"Raum- und freih\u00e4ngende Absorber"}]},{"@type":"WebSite","@id":"https:\/\/www.menimepriestor.sk\/de\/#website","url":"https:\/\/www.menimepriestor.sk\/de\/","name":"DryCon","description":"Men\u00edme priestor na komfortn\u00fd interi\u00e9r","publisher":{"@id":"https:\/\/www.menimepriestor.sk\/de\/#organization"},"potentialAction":[{"@type":"SearchAction","target":{"@type":"EntryPoint","urlTemplate":"https:\/\/www.menimepriestor.sk\/de\/?s={search_term_string}"},"query-input":{"@type":"PropertyValueSpecification","valueRequired":true,"valueName":"search_term_string"}}],"inLanguage":"de"},{"@type":"Organization","@id":"https:\/\/www.menimepriestor.sk\/de\/#organization","name":"DryCon, s.r.o.","url":"https:\/\/www.menimepriestor.sk\/de\/","logo":{"@type":"ImageObject","inLanguage":"de","@id":"https:\/\/www.menimepriestor.sk\/de\/#\/schema\/logo\/image\/","url":"https:\/\/www.menimepriestor.sk\/wp-content\/uploads\/2019\/06\/logo.png","contentUrl":"https:\/\/www.menimepriestor.sk\/wp-content\/uploads\/2019\/06\/logo.png","width":572,"height":172,"caption":"DryCon, s.r.o."},"image":{"@id":"https:\/\/www.menimepriestor.sk\/de\/#\/schema\/logo\/image\/"},"sameAs":["https:\/\/www.facebook.com\/menimepriestor.sk","https:\/\/www.instagram.com\/menimepriestor\/"]}]}},"wpmagazine_modules_lite_featured_media_urls":{"thumbnail":["https:\/\/www.menimepriestor.sk\/wp-content\/uploads\/2019\/07\/P4MP4360a-150x150.jpg",150,150,true],"cvmm-medium":["https:\/\/www.menimepriestor.sk\/wp-content\/uploads\/2019\/07\/P4MP4360a.jpg",300,141,false],"cvmm-medium-plus":["https:\/\/www.menimepriestor.sk\/wp-content\/uploads\/2019\/07\/P4MP4360a.jpg",305,143,false],"cvmm-portrait":["https:\/\/www.menimepriestor.sk\/wp-content\/uploads\/2019\/07\/P4MP4360a.jpg",400,188,false],"cvmm-medium-square":["https:\/\/www.menimepriestor.sk\/wp-content\/uploads\/2019\/07\/P4MP4360a.jpg",600,281,false],"cvmm-large":["https:\/\/www.menimepriestor.sk\/wp-content\/uploads\/2019\/07\/P4MP4360a.jpg",1024,480,false],"cvmm-small":["https:\/\/www.menimepriestor.sk\/wp-content\/uploads\/2019\/07\/P4MP4360a.jpg",130,61,false],"full":["https:\/\/www.menimepriestor.sk\/wp-content\/uploads\/2019\/07\/P4MP4360a.jpg",1600,750,false]},"categories_names":null,"comments_number":"0","_links":{"self":[{"href":"https:\/\/www.menimepriestor.sk\/de\/wp-json\/wp\/v2\/pages\/2702","targetHints":{"allow":["GET"]}}],"collection":[{"href":"https:\/\/www.menimepriestor.sk\/de\/wp-json\/wp\/v2\/pages"}],"about":[{"href":"https:\/\/www.menimepriestor.sk\/de\/wp-json\/wp\/v2\/types\/page"}],"author":[{"embeddable":true,"href":"https:\/\/www.menimepriestor.sk\/de\/wp-json\/wp\/v2\/users\/2"}],"replies":[{"embeddable":true,"href":"https:\/\/www.menimepriestor.sk\/de\/wp-json\/wp\/v2\/comments?post=2702"}],"version-history":[{"count":0,"href":"https:\/\/www.menimepriestor.sk\/de\/wp-json\/wp\/v2\/pages\/2702\/revisions"}],"up":[{"embeddable":true,"href":"https:\/\/www.menimepriestor.sk\/de\/wp-json\/wp\/v2\/pages\/1510"}],"wp:featuredmedia":[{"embeddable":true,"href":"https:\/\/www.menimepriestor.sk\/de\/wp-json\/wp\/v2\/media\/2413"}],"wp:attachment":[{"href":"https:\/\/www.menimepriestor.sk\/de\/wp-json\/wp\/v2\/media?parent=2702"}],"curies":[{"name":"wp","href":"https:\/\/api.w.org\/{rel}","templated":true}]}}