{"id":2680,"date":"2019-07-07T16:33:46","date_gmt":"2019-07-07T14:33:46","guid":{"rendered":"https:\/\/www.menimepriestor.sk\/?page_id=2680"},"modified":"2019-07-07T16:33:47","modified_gmt":"2019-07-07T14:33:47","slug":"spezielle-decken-und-wende-mit-roentgenschutz","status":"publish","type":"page","link":"https:\/\/www.menimepriestor.sk\/de\/spezielle-decken-und-wande\/spezielle-decken-und-wende-mit-roentgenschutz\/","title":{"rendered":"Spezielle Decken und Wende mit R\u00f6ntgenschutz"},"content":{"rendered":"\n<p>Dank der Zusammenarbeit mit renommierten Herstellern und Lieferanten von Spezialmaterialien k\u00f6nnen wir auch Decken und W\u00e4nde mit R\u00f6ntgenschutz realisieren.<\/p>\n\n\n\n<!--more-->\n\n\n\n<p>Solche Anforderungen gibt es besonders im Gesundheitswesen, in R\u00e4umen, in denen R\u00f6ntgenstrahlen h\u00e4ufig vorkommen und damit ein erh\u00f6hter Schutz gegen die Ausbreitung von Strahlen erforderlich ist. Wir haben mehrere Projekte mit solchen Anforderungen erfolgreich umgesetzt.<\/p>\n","protected":false},"excerpt":{"rendered":"<p>Dank der Zusammenarbeit mit renommierten Herstellern und Lieferanten von Spezialmaterialien k\u00f6nnen wir auch Decken und W\u00e4nde mit R\u00f6ntgenschutz realisieren.<\/p>\n","protected":false},"author":2,"featured_media":1967,"parent":1513,"menu_order":0,"comment_status":"closed","ping_status":"closed","template":"page-blank.php","meta":{"_editorskit_title_hidden":false,"_editorskit_reading_time":0,"_editorskit_is_block_options_detached":false,"_editorskit_block_options_position":"{}","footnotes":""},"class_list":["post-2680","page","type-page","status-publish","has-post-thumbnail","hentry"],"yoast_head":"<!-- This site is optimized with the Yoast SEO plugin v27.4 - https:\/\/yoast.com\/product\/yoast-seo-wordpress\/ -->\n<title>Spezielle Decken und Wende mit R\u00f6ntgenschutz &#8212; DryCon<\/title>\n<meta name=\"robots\" content=\"index, follow, max-snippet:-1, max-image-preview:large, max-video-preview:-1\" \/>\n<link rel=\"canonical\" href=\"https:\/\/www.menimepriestor.sk\/de\/spezielle-decken-und-wande\/spezielle-decken-und-wende-mit-roentgenschutz\/\" \/>\n<meta property=\"og:locale\" content=\"de_DE\" \/>\n<meta property=\"og:type\" content=\"article\" \/>\n<meta property=\"og:title\" content=\"Spezielle Decken und Wende mit R\u00f6ntgenschutz &#8212; DryCon\" \/>\n<meta property=\"og:description\" content=\"Dank der Zusammenarbeit mit renommierten Herstellern und Lieferanten von Spezialmaterialien k\u00f6nnen wir auch Decken und W\u00e4nde mit R\u00f6ntgenschutz realisieren.\" \/>\n<meta property=\"og:url\" content=\"https:\/\/www.menimepriestor.sk\/de\/spezielle-decken-und-wande\/spezielle-decken-und-wende-mit-roentgenschutz\/\" \/>\n<meta property=\"og:site_name\" content=\"DryCon\" \/>\n<meta property=\"article:publisher\" content=\"https:\/\/www.facebook.com\/menimepriestor.sk\" \/>\n<meta property=\"article:modified_time\" content=\"2019-07-07T14:33:47+00:00\" \/>\n<meta property=\"og:image\" content=\"https:\/\/www.menimepriestor.sk\/wp-content\/uploads\/2019\/06\/Menimepriestor-rontgenproof.jpg\" \/>\n\t<meta property=\"og:image:width\" content=\"1920\" \/>\n\t<meta property=\"og:image:height\" content=\"1280\" \/>\n\t<meta property=\"og:image:type\" content=\"image\/jpeg\" \/>\n<meta name=\"twitter:card\" content=\"summary_large_image\" \/>\n<script type=\"application\/ld+json\" class=\"yoast-schema-graph\">{\"@context\":\"https:\\\/\\\/schema.org\",\"@graph\":[{\"@type\":\"WebPage\",\"@id\":\"https:\\\/\\\/www.menimepriestor.sk\\\/de\\\/spezielle-decken-und-wande\\\/spezielle-decken-und-wende-mit-roentgenschutz\\\/\",\"url\":\"https:\\\/\\\/www.menimepriestor.sk\\\/de\\\/spezielle-decken-und-wande\\\/spezielle-decken-und-wende-mit-roentgenschutz\\\/\",\"name\":\"Spezielle Decken und Wende mit R\u00f6ntgenschutz &#8212; DryCon\",\"isPartOf\":{\"@id\":\"https:\\\/\\\/www.menimepriestor.sk\\\/de\\\/#website\"},\"primaryImageOfPage\":{\"@id\":\"https:\\\/\\\/www.menimepriestor.sk\\\/de\\\/spezielle-decken-und-wande\\\/spezielle-decken-und-wende-mit-roentgenschutz\\\/#primaryimage\"},\"image\":{\"@id\":\"https:\\\/\\\/www.menimepriestor.sk\\\/de\\\/spezielle-decken-und-wande\\\/spezielle-decken-und-wende-mit-roentgenschutz\\\/#primaryimage\"},\"thumbnailUrl\":\"https:\\\/\\\/www.menimepriestor.sk\\\/wp-content\\\/uploads\\\/2019\\\/06\\\/Menimepriestor-rontgenproof.jpg\",\"datePublished\":\"2019-07-07T14:33:46+00:00\",\"dateModified\":\"2019-07-07T14:33:47+00:00\",\"breadcrumb\":{\"@id\":\"https:\\\/\\\/www.menimepriestor.sk\\\/de\\\/spezielle-decken-und-wande\\\/spezielle-decken-und-wende-mit-roentgenschutz\\\/#breadcrumb\"},\"inLanguage\":\"de\",\"potentialAction\":[{\"@type\":\"ReadAction\",\"target\":[\"https:\\\/\\\/www.menimepriestor.sk\\\/de\\\/spezielle-decken-und-wande\\\/spezielle-decken-und-wende-mit-roentgenschutz\\\/\"]}]},{\"@type\":\"ImageObject\",\"inLanguage\":\"de\",\"@id\":\"https:\\\/\\\/www.menimepriestor.sk\\\/de\\\/spezielle-decken-und-wande\\\/spezielle-decken-und-wende-mit-roentgenschutz\\\/#primaryimage\",\"url\":\"https:\\\/\\\/www.menimepriestor.sk\\\/wp-content\\\/uploads\\\/2019\\\/06\\\/Menimepriestor-rontgenproof.jpg\",\"contentUrl\":\"https:\\\/\\\/www.menimepriestor.sk\\\/wp-content\\\/uploads\\\/2019\\\/06\\\/Menimepriestor-rontgenproof.jpg\",\"width\":1600,\"height\":1067},{\"@type\":\"BreadcrumbList\",\"@id\":\"https:\\\/\\\/www.menimepriestor.sk\\\/de\\\/spezielle-decken-und-wande\\\/spezielle-decken-und-wende-mit-roentgenschutz\\\/#breadcrumb\",\"itemListElement\":[{\"@type\":\"ListItem\",\"position\":1,\"name\":\"Home\",\"item\":\"https:\\\/\\\/www.menimepriestor.sk\\\/de\\\/\"},{\"@type\":\"ListItem\",\"position\":2,\"name\":\"Spezielle Decken und W\u00e4nde\",\"item\":\"https:\\\/\\\/www.menimepriestor.sk\\\/de\\\/spezielle-decken-und-wande\\\/\"},{\"@type\":\"ListItem\",\"position\":3,\"name\":\"Spezielle Decken und Wende mit R\u00f6ntgenschutz\"}]},{\"@type\":\"WebSite\",\"@id\":\"https:\\\/\\\/www.menimepriestor.sk\\\/de\\\/#website\",\"url\":\"https:\\\/\\\/www.menimepriestor.sk\\\/de\\\/\",\"name\":\"DryCon\",\"description\":\"Men\u00edme priestor na komfortn\u00fd interi\u00e9r\",\"publisher\":{\"@id\":\"https:\\\/\\\/www.menimepriestor.sk\\\/de\\\/#organization\"},\"potentialAction\":[{\"@type\":\"SearchAction\",\"target\":{\"@type\":\"EntryPoint\",\"urlTemplate\":\"https:\\\/\\\/www.menimepriestor.sk\\\/de\\\/?s={search_term_string}\"},\"query-input\":{\"@type\":\"PropertyValueSpecification\",\"valueRequired\":true,\"valueName\":\"search_term_string\"}}],\"inLanguage\":\"de\"},{\"@type\":\"Organization\",\"@id\":\"https:\\\/\\\/www.menimepriestor.sk\\\/de\\\/#organization\",\"name\":\"DryCon, s.r.o.\",\"url\":\"https:\\\/\\\/www.menimepriestor.sk\\\/de\\\/\",\"logo\":{\"@type\":\"ImageObject\",\"inLanguage\":\"de\",\"@id\":\"https:\\\/\\\/www.menimepriestor.sk\\\/de\\\/#\\\/schema\\\/logo\\\/image\\\/\",\"url\":\"https:\\\/\\\/www.menimepriestor.sk\\\/wp-content\\\/uploads\\\/2019\\\/06\\\/logo.png\",\"contentUrl\":\"https:\\\/\\\/www.menimepriestor.sk\\\/wp-content\\\/uploads\\\/2019\\\/06\\\/logo.png\",\"width\":572,\"height\":172,\"caption\":\"DryCon, s.r.o.\"},\"image\":{\"@id\":\"https:\\\/\\\/www.menimepriestor.sk\\\/de\\\/#\\\/schema\\\/logo\\\/image\\\/\"},\"sameAs\":[\"https:\\\/\\\/www.facebook.com\\\/menimepriestor.sk\",\"https:\\\/\\\/www.instagram.com\\\/menimepriestor\\\/\"]}]}<\/script>\n<!-- \/ Yoast SEO plugin. -->","yoast_head_json":{"title":"Spezielle Decken und Wende mit R\u00f6ntgenschutz &#8212; DryCon","robots":{"index":"index","follow":"follow","max-snippet":"max-snippet:-1","max-image-preview":"max-image-preview:large","max-video-preview":"max-video-preview:-1"},"canonical":"https:\/\/www.menimepriestor.sk\/de\/spezielle-decken-und-wande\/spezielle-decken-und-wende-mit-roentgenschutz\/","og_locale":"de_DE","og_type":"article","og_title":"Spezielle Decken und Wende mit R\u00f6ntgenschutz &#8212; DryCon","og_description":"Dank der Zusammenarbeit mit renommierten Herstellern und Lieferanten von Spezialmaterialien k\u00f6nnen wir auch Decken und W\u00e4nde mit R\u00f6ntgenschutz realisieren.","og_url":"https:\/\/www.menimepriestor.sk\/de\/spezielle-decken-und-wande\/spezielle-decken-und-wende-mit-roentgenschutz\/","og_site_name":"DryCon","article_publisher":"https:\/\/www.facebook.com\/menimepriestor.sk","article_modified_time":"2019-07-07T14:33:47+00:00","og_image":[{"width":1920,"height":1280,"url":"https:\/\/www.menimepriestor.sk\/wp-content\/uploads\/2019\/06\/Menimepriestor-rontgenproof.jpg","type":"image\/jpeg"}],"twitter_card":"summary_large_image","schema":{"@context":"https:\/\/schema.org","@graph":[{"@type":"WebPage","@id":"https:\/\/www.menimepriestor.sk\/de\/spezielle-decken-und-wande\/spezielle-decken-und-wende-mit-roentgenschutz\/","url":"https:\/\/www.menimepriestor.sk\/de\/spezielle-decken-und-wande\/spezielle-decken-und-wende-mit-roentgenschutz\/","name":"Spezielle Decken und Wende mit R\u00f6ntgenschutz &#8212; DryCon","isPartOf":{"@id":"https:\/\/www.menimepriestor.sk\/de\/#website"},"primaryImageOfPage":{"@id":"https:\/\/www.menimepriestor.sk\/de\/spezielle-decken-und-wande\/spezielle-decken-und-wende-mit-roentgenschutz\/#primaryimage"},"image":{"@id":"https:\/\/www.menimepriestor.sk\/de\/spezielle-decken-und-wande\/spezielle-decken-und-wende-mit-roentgenschutz\/#primaryimage"},"thumbnailUrl":"https:\/\/www.menimepriestor.sk\/wp-content\/uploads\/2019\/06\/Menimepriestor-rontgenproof.jpg","datePublished":"2019-07-07T14:33:46+00:00","dateModified":"2019-07-07T14:33:47+00:00","breadcrumb":{"@id":"https:\/\/www.menimepriestor.sk\/de\/spezielle-decken-und-wande\/spezielle-decken-und-wende-mit-roentgenschutz\/#breadcrumb"},"inLanguage":"de","potentialAction":[{"@type":"ReadAction","target":["https:\/\/www.menimepriestor.sk\/de\/spezielle-decken-und-wande\/spezielle-decken-und-wende-mit-roentgenschutz\/"]}]},{"@type":"ImageObject","inLanguage":"de","@id":"https:\/\/www.menimepriestor.sk\/de\/spezielle-decken-und-wande\/spezielle-decken-und-wende-mit-roentgenschutz\/#primaryimage","url":"https:\/\/www.menimepriestor.sk\/wp-content\/uploads\/2019\/06\/Menimepriestor-rontgenproof.jpg","contentUrl":"https:\/\/www.menimepriestor.sk\/wp-content\/uploads\/2019\/06\/Menimepriestor-rontgenproof.jpg","width":1600,"height":1067},{"@type":"BreadcrumbList","@id":"https:\/\/www.menimepriestor.sk\/de\/spezielle-decken-und-wande\/spezielle-decken-und-wende-mit-roentgenschutz\/#breadcrumb","itemListElement":[{"@type":"ListItem","position":1,"name":"Home","item":"https:\/\/www.menimepriestor.sk\/de\/"},{"@type":"ListItem","position":2,"name":"Spezielle Decken und W\u00e4nde","item":"https:\/\/www.menimepriestor.sk\/de\/spezielle-decken-und-wande\/"},{"@type":"ListItem","position":3,"name":"Spezielle Decken und Wende mit R\u00f6ntgenschutz"}]},{"@type":"WebSite","@id":"https:\/\/www.menimepriestor.sk\/de\/#website","url":"https:\/\/www.menimepriestor.sk\/de\/","name":"DryCon","description":"Men\u00edme priestor na komfortn\u00fd interi\u00e9r","publisher":{"@id":"https:\/\/www.menimepriestor.sk\/de\/#organization"},"potentialAction":[{"@type":"SearchAction","target":{"@type":"EntryPoint","urlTemplate":"https:\/\/www.menimepriestor.sk\/de\/?s={search_term_string}"},"query-input":{"@type":"PropertyValueSpecification","valueRequired":true,"valueName":"search_term_string"}}],"inLanguage":"de"},{"@type":"Organization","@id":"https:\/\/www.menimepriestor.sk\/de\/#organization","name":"DryCon, s.r.o.","url":"https:\/\/www.menimepriestor.sk\/de\/","logo":{"@type":"ImageObject","inLanguage":"de","@id":"https:\/\/www.menimepriestor.sk\/de\/#\/schema\/logo\/image\/","url":"https:\/\/www.menimepriestor.sk\/wp-content\/uploads\/2019\/06\/logo.png","contentUrl":"https:\/\/www.menimepriestor.sk\/wp-content\/uploads\/2019\/06\/logo.png","width":572,"height":172,"caption":"DryCon, s.r.o."},"image":{"@id":"https:\/\/www.menimepriestor.sk\/de\/#\/schema\/logo\/image\/"},"sameAs":["https:\/\/www.facebook.com\/menimepriestor.sk","https:\/\/www.instagram.com\/menimepriestor\/"]}]}},"wpmagazine_modules_lite_featured_media_urls":{"thumbnail":["https:\/\/www.menimepriestor.sk\/wp-content\/uploads\/2019\/06\/Menimepriestor-rontgenproof-150x150.jpg",150,150,true],"cvmm-medium":["https:\/\/www.menimepriestor.sk\/wp-content\/uploads\/2019\/06\/Menimepriestor-rontgenproof.jpg",300,200,false],"cvmm-medium-plus":["https:\/\/www.menimepriestor.sk\/wp-content\/uploads\/2019\/06\/Menimepriestor-rontgenproof.jpg",305,203,false],"cvmm-portrait":["https:\/\/www.menimepriestor.sk\/wp-content\/uploads\/2019\/06\/Menimepriestor-rontgenproof.jpg",400,267,false],"cvmm-medium-square":["https:\/\/www.menimepriestor.sk\/wp-content\/uploads\/2019\/06\/Menimepriestor-rontgenproof.jpg",600,400,false],"cvmm-large":["https:\/\/www.menimepriestor.sk\/wp-content\/uploads\/2019\/06\/Menimepriestor-rontgenproof.jpg",1024,683,false],"cvmm-small":["https:\/\/www.menimepriestor.sk\/wp-content\/uploads\/2019\/06\/Menimepriestor-rontgenproof.jpg",130,87,false],"full":["https:\/\/www.menimepriestor.sk\/wp-content\/uploads\/2019\/06\/Menimepriestor-rontgenproof.jpg",1600,1067,false]},"categories_names":null,"comments_number":"0","_links":{"self":[{"href":"https:\/\/www.menimepriestor.sk\/de\/wp-json\/wp\/v2\/pages\/2680","targetHints":{"allow":["GET"]}}],"collection":[{"href":"https:\/\/www.menimepriestor.sk\/de\/wp-json\/wp\/v2\/pages"}],"about":[{"href":"https:\/\/www.menimepriestor.sk\/de\/wp-json\/wp\/v2\/types\/page"}],"author":[{"embeddable":true,"href":"https:\/\/www.menimepriestor.sk\/de\/wp-json\/wp\/v2\/users\/2"}],"replies":[{"embeddable":true,"href":"https:\/\/www.menimepriestor.sk\/de\/wp-json\/wp\/v2\/comments?post=2680"}],"version-history":[{"count":0,"href":"https:\/\/www.menimepriestor.sk\/de\/wp-json\/wp\/v2\/pages\/2680\/revisions"}],"up":[{"embeddable":true,"href":"https:\/\/www.menimepriestor.sk\/de\/wp-json\/wp\/v2\/pages\/1513"}],"wp:featuredmedia":[{"embeddable":true,"href":"https:\/\/www.menimepriestor.sk\/de\/wp-json\/wp\/v2\/media\/1967"}],"wp:attachment":[{"href":"https:\/\/www.menimepriestor.sk\/de\/wp-json\/wp\/v2\/media?parent=2680"}],"curies":[{"name":"wp","href":"https:\/\/api.w.org\/{rel}","templated":true}]}}