{"id":2677,"date":"2019-07-07T16:31:44","date_gmt":"2019-07-07T14:31:44","guid":{"rendered":"https:\/\/www.menimepriestor.sk\/?page_id=2677"},"modified":"2019-07-07T17:12:43","modified_gmt":"2019-07-07T15:12:43","slug":"kuehldecken-und-akustische-kuehldecken","status":"publish","type":"page","link":"https:\/\/www.menimepriestor.sk\/de\/spezielle-decken-und-wande\/kuehldecken-und-akustische-kuehldecken\/","title":{"rendered":"K\u00fchldecken und akustische K\u00fchldecken"},"content":{"rendered":"\n<p>Wir haben langj\u00e4hrige Erfahrung in der Montage von K\u00fchldecken verschiedener Typen sowohl f\u00fcr die Trocken- als auch f\u00fcr die Nassmontage (z. B. Rehau, Thermotech). Die Montage der Gipskartonplatten erfolgt nach den technischen Anforderungen des Herstellers, wobei wir nur Systemelemente renommierter Hersteller verwenden.<\/p>\n\n\n\n<!--more-->\n\n\n\n<p>F\u00fcr anspruchsvolle Kunden bieten wir auch die Realisierung von <strong>akustischen K\u00fchldecken<\/strong> an. Neben den Standardinstallationen haben wir K\u00fchlsysteme auch in Lichtrahmen oder bogen- und gew\u00f6lbef\u00f6rmigen R\u00e4umen installiert. Die Installation erfolgt immer in Zusammenarbeit mit einem Unternehmen spezialisiert in der K\u00fchltechnik und erfahrenen Installateuren.<\/p>\n\n\n\n<ul class=\"wp-block-gallery columns-3 is-cropped wp-block-gallery-1 is-layout-flex wp-block-gallery-is-layout-flex\"><li class=\"blocks-gallery-item\"><figure><img loading=\"lazy\" decoding=\"async\" width=\"1024\" height=\"683\" src=\"https:\/\/www.menimepriestor.sk\/wp-content\/uploads\/2019\/07\/P1010392-1-1024x683.jpg\" alt=\"\" data-id=\"2485\" data-link=\"https:\/\/www.menimepriestor.sk\/specialne-stropy-a-steny\/chladene-stropy-a-chladene-akusticke-stropy\/olympus-digital-camera-83\/#main\" class=\"wp-image-2485\" srcset=\"https:\/\/www.menimepriestor.sk\/wp-content\/uploads\/2019\/07\/P1010392-1-1024x683.jpg 1024w, https:\/\/www.menimepriestor.sk\/wp-content\/uploads\/2019\/07\/P1010392-1-300x200.jpg 300w, https:\/\/www.menimepriestor.sk\/wp-content\/uploads\/2019\/07\/P1010392-1-768x512.jpg 768w, https:\/\/www.menimepriestor.sk\/wp-content\/uploads\/2019\/07\/P1010392-1.jpg 1600w\" sizes=\"auto, (max-width: 1024px) 100vw, 1024px\" \/><\/figure><\/li><li class=\"blocks-gallery-item\"><figure><img loading=\"lazy\" decoding=\"async\" width=\"768\" height=\"1024\" src=\"https:\/\/www.menimepriestor.sk\/wp-content\/uploads\/2019\/07\/P1010394-768x1024.jpg\" alt=\"\" data-id=\"2489\" data-link=\"https:\/\/www.menimepriestor.sk\/specialne-stropy-a-steny\/chladene-stropy-a-chladene-akusticke-stropy\/olympus-digital-camera-84\/#main\" class=\"wp-image-2489\" srcset=\"https:\/\/www.menimepriestor.sk\/wp-content\/uploads\/2019\/07\/P1010394-768x1024.jpg 768w, https:\/\/www.menimepriestor.sk\/wp-content\/uploads\/2019\/07\/P1010394-225x300.jpg 225w, https:\/\/www.menimepriestor.sk\/wp-content\/uploads\/2019\/07\/P1010394.jpg 1200w\" sizes=\"auto, (max-width: 768px) 100vw, 768px\" \/><\/figure><\/li><li class=\"blocks-gallery-item\"><figure><img loading=\"lazy\" decoding=\"async\" width=\"768\" height=\"1024\" src=\"https:\/\/www.menimepriestor.sk\/wp-content\/uploads\/2019\/07\/P1010643-768x1024.jpg\" alt=\"\" data-id=\"2493\" data-link=\"https:\/\/www.menimepriestor.sk\/specialne-stropy-a-steny\/chladene-stropy-a-chladene-akusticke-stropy\/olympus-digital-camera-85\/#main\" class=\"wp-image-2493\" srcset=\"https:\/\/www.menimepriestor.sk\/wp-content\/uploads\/2019\/07\/P1010643-768x1024.jpg 768w, https:\/\/www.menimepriestor.sk\/wp-content\/uploads\/2019\/07\/P1010643-225x300.jpg 225w, https:\/\/www.menimepriestor.sk\/wp-content\/uploads\/2019\/07\/P1010643.jpg 1200w\" sizes=\"auto, (max-width: 768px) 100vw, 768px\" \/><\/figure><\/li><li class=\"blocks-gallery-item\"><figure><img loading=\"lazy\" decoding=\"async\" width=\"1024\" height=\"683\" src=\"https:\/\/www.menimepriestor.sk\/wp-content\/uploads\/2019\/07\/P1010648-1024x683.jpg\" alt=\"\" data-id=\"2497\" data-link=\"https:\/\/www.menimepriestor.sk\/specialne-stropy-a-steny\/chladene-stropy-a-chladene-akusticke-stropy\/olympus-digital-camera-86\/#main\" class=\"wp-image-2497\" srcset=\"https:\/\/www.menimepriestor.sk\/wp-content\/uploads\/2019\/07\/P1010648-1024x683.jpg 1024w, https:\/\/www.menimepriestor.sk\/wp-content\/uploads\/2019\/07\/P1010648-300x200.jpg 300w, https:\/\/www.menimepriestor.sk\/wp-content\/uploads\/2019\/07\/P1010648-768x512.jpg 768w, https:\/\/www.menimepriestor.sk\/wp-content\/uploads\/2019\/07\/P1010648.jpg 1600w\" sizes=\"auto, (max-width: 1024px) 100vw, 1024px\" \/><\/figure><\/li><li class=\"blocks-gallery-item\"><figure><img loading=\"lazy\" decoding=\"async\" width=\"1024\" height=\"683\" src=\"https:\/\/www.menimepriestor.sk\/wp-content\/uploads\/2019\/07\/P1010657-1024x683.jpg\" alt=\"\" data-id=\"2501\" data-link=\"https:\/\/www.menimepriestor.sk\/specialne-stropy-a-steny\/chladene-stropy-a-chladene-akusticke-stropy\/olympus-digital-camera-87\/#main\" class=\"wp-image-2501\" srcset=\"https:\/\/www.menimepriestor.sk\/wp-content\/uploads\/2019\/07\/P1010657-1024x683.jpg 1024w, https:\/\/www.menimepriestor.sk\/wp-content\/uploads\/2019\/07\/P1010657-300x200.jpg 300w, https:\/\/www.menimepriestor.sk\/wp-content\/uploads\/2019\/07\/P1010657-768x512.jpg 768w, https:\/\/www.menimepriestor.sk\/wp-content\/uploads\/2019\/07\/P1010657.jpg 1600w\" sizes=\"auto, (max-width: 1024px) 100vw, 1024px\" \/><\/figure><\/li><\/ul>\n","protected":false},"excerpt":{"rendered":"<p>Wir haben langj\u00e4hrige Erfahrung in der Montage von K\u00fchldecken verschiedener Typen sowohl f\u00fcr die Trocken- als auch f\u00fcr die Nassmontage (z. B. Rehau, Thermotech). Die Montage der Gipskartonplatten erfolgt nach den technischen Anforderungen des Herstellers, wobei wir nur Systemelemente renommierter Hersteller verwenden.<\/p>\n","protected":false},"author":2,"featured_media":2458,"parent":1513,"menu_order":0,"comment_status":"closed","ping_status":"closed","template":"page-blank.php","meta":{"_editorskit_title_hidden":false,"_editorskit_reading_time":0,"_editorskit_is_block_options_detached":false,"_editorskit_block_options_position":"{}","footnotes":""},"class_list":["post-2677","page","type-page","status-publish","has-post-thumbnail","hentry"],"yoast_head":"<!-- This site is optimized with the Yoast SEO plugin v27.4 - https:\/\/yoast.com\/product\/yoast-seo-wordpress\/ -->\n<title>K\u00fchldecken und akustische K\u00fchldecken &#8212; DryCon<\/title>\n<meta name=\"robots\" content=\"index, follow, max-snippet:-1, max-image-preview:large, max-video-preview:-1\" \/>\n<link rel=\"canonical\" href=\"https:\/\/www.menimepriestor.sk\/de\/spezielle-decken-und-wande\/kuehldecken-und-akustische-kuehldecken\/\" \/>\n<meta property=\"og:locale\" content=\"de_DE\" \/>\n<meta property=\"og:type\" content=\"article\" \/>\n<meta property=\"og:title\" content=\"K\u00fchldecken und akustische K\u00fchldecken &#8212; DryCon\" \/>\n<meta property=\"og:description\" content=\"Wir haben langj\u00e4hrige Erfahrung in der Montage von K\u00fchldecken verschiedener Typen sowohl f\u00fcr die Trocken- als auch f\u00fcr die Nassmontage (z. B. Rehau, Thermotech). Die Montage der Gipskartonplatten erfolgt nach den technischen Anforderungen des Herstellers, wobei wir nur Systemelemente renommierter Hersteller verwenden.\" \/>\n<meta property=\"og:url\" content=\"https:\/\/www.menimepriestor.sk\/de\/spezielle-decken-und-wande\/kuehldecken-und-akustische-kuehldecken\/\" \/>\n<meta property=\"og:site_name\" content=\"DryCon\" \/>\n<meta property=\"article:publisher\" content=\"https:\/\/www.facebook.com\/menimepriestor.sk\" \/>\n<meta property=\"article:modified_time\" content=\"2019-07-07T15:12:43+00:00\" \/>\n<meta property=\"og:image\" content=\"https:\/\/www.menimepriestor.sk\/wp-content\/uploads\/2019\/07\/P1010392-1024x768.jpg\" \/>\n\t<meta property=\"og:image:width\" content=\"1024\" \/>\n\t<meta property=\"og:image:height\" content=\"768\" \/>\n\t<meta property=\"og:image:type\" content=\"image\/jpeg\" \/>\n<meta name=\"twitter:card\" content=\"summary_large_image\" \/>\n<script type=\"application\/ld+json\" class=\"yoast-schema-graph\">{\"@context\":\"https:\\\/\\\/schema.org\",\"@graph\":[{\"@type\":\"WebPage\",\"@id\":\"https:\\\/\\\/www.menimepriestor.sk\\\/de\\\/spezielle-decken-und-wande\\\/kuehldecken-und-akustische-kuehldecken\\\/\",\"url\":\"https:\\\/\\\/www.menimepriestor.sk\\\/de\\\/spezielle-decken-und-wande\\\/kuehldecken-und-akustische-kuehldecken\\\/\",\"name\":\"K\u00fchldecken und akustische K\u00fchldecken &#8212; DryCon\",\"isPartOf\":{\"@id\":\"https:\\\/\\\/www.menimepriestor.sk\\\/de\\\/#website\"},\"primaryImageOfPage\":{\"@id\":\"https:\\\/\\\/www.menimepriestor.sk\\\/de\\\/spezielle-decken-und-wande\\\/kuehldecken-und-akustische-kuehldecken\\\/#primaryimage\"},\"image\":{\"@id\":\"https:\\\/\\\/www.menimepriestor.sk\\\/de\\\/spezielle-decken-und-wande\\\/kuehldecken-und-akustische-kuehldecken\\\/#primaryimage\"},\"thumbnailUrl\":\"https:\\\/\\\/www.menimepriestor.sk\\\/wp-content\\\/uploads\\\/2019\\\/07\\\/P1010392.jpg\",\"datePublished\":\"2019-07-07T14:31:44+00:00\",\"dateModified\":\"2019-07-07T15:12:43+00:00\",\"breadcrumb\":{\"@id\":\"https:\\\/\\\/www.menimepriestor.sk\\\/de\\\/spezielle-decken-und-wande\\\/kuehldecken-und-akustische-kuehldecken\\\/#breadcrumb\"},\"inLanguage\":\"de\",\"potentialAction\":[{\"@type\":\"ReadAction\",\"target\":[\"https:\\\/\\\/www.menimepriestor.sk\\\/de\\\/spezielle-decken-und-wande\\\/kuehldecken-und-akustische-kuehldecken\\\/\"]}]},{\"@type\":\"ImageObject\",\"inLanguage\":\"de\",\"@id\":\"https:\\\/\\\/www.menimepriestor.sk\\\/de\\\/spezielle-decken-und-wande\\\/kuehldecken-und-akustische-kuehldecken\\\/#primaryimage\",\"url\":\"https:\\\/\\\/www.menimepriestor.sk\\\/wp-content\\\/uploads\\\/2019\\\/07\\\/P1010392.jpg\",\"contentUrl\":\"https:\\\/\\\/www.menimepriestor.sk\\\/wp-content\\\/uploads\\\/2019\\\/07\\\/P1010392.jpg\",\"width\":1600,\"height\":1200},{\"@type\":\"BreadcrumbList\",\"@id\":\"https:\\\/\\\/www.menimepriestor.sk\\\/de\\\/spezielle-decken-und-wande\\\/kuehldecken-und-akustische-kuehldecken\\\/#breadcrumb\",\"itemListElement\":[{\"@type\":\"ListItem\",\"position\":1,\"name\":\"Home\",\"item\":\"https:\\\/\\\/www.menimepriestor.sk\\\/de\\\/\"},{\"@type\":\"ListItem\",\"position\":2,\"name\":\"Spezielle Decken und W\u00e4nde\",\"item\":\"https:\\\/\\\/www.menimepriestor.sk\\\/de\\\/spezielle-decken-und-wande\\\/\"},{\"@type\":\"ListItem\",\"position\":3,\"name\":\"K\u00fchldecken und akustische K\u00fchldecken\"}]},{\"@type\":\"WebSite\",\"@id\":\"https:\\\/\\\/www.menimepriestor.sk\\\/de\\\/#website\",\"url\":\"https:\\\/\\\/www.menimepriestor.sk\\\/de\\\/\",\"name\":\"DryCon\",\"description\":\"Men\u00edme priestor na komfortn\u00fd interi\u00e9r\",\"publisher\":{\"@id\":\"https:\\\/\\\/www.menimepriestor.sk\\\/de\\\/#organization\"},\"potentialAction\":[{\"@type\":\"SearchAction\",\"target\":{\"@type\":\"EntryPoint\",\"urlTemplate\":\"https:\\\/\\\/www.menimepriestor.sk\\\/de\\\/?s={search_term_string}\"},\"query-input\":{\"@type\":\"PropertyValueSpecification\",\"valueRequired\":true,\"valueName\":\"search_term_string\"}}],\"inLanguage\":\"de\"},{\"@type\":\"Organization\",\"@id\":\"https:\\\/\\\/www.menimepriestor.sk\\\/de\\\/#organization\",\"name\":\"DryCon, s.r.o.\",\"url\":\"https:\\\/\\\/www.menimepriestor.sk\\\/de\\\/\",\"logo\":{\"@type\":\"ImageObject\",\"inLanguage\":\"de\",\"@id\":\"https:\\\/\\\/www.menimepriestor.sk\\\/de\\\/#\\\/schema\\\/logo\\\/image\\\/\",\"url\":\"https:\\\/\\\/www.menimepriestor.sk\\\/wp-content\\\/uploads\\\/2019\\\/06\\\/logo.png\",\"contentUrl\":\"https:\\\/\\\/www.menimepriestor.sk\\\/wp-content\\\/uploads\\\/2019\\\/06\\\/logo.png\",\"width\":572,\"height\":172,\"caption\":\"DryCon, s.r.o.\"},\"image\":{\"@id\":\"https:\\\/\\\/www.menimepriestor.sk\\\/de\\\/#\\\/schema\\\/logo\\\/image\\\/\"},\"sameAs\":[\"https:\\\/\\\/www.facebook.com\\\/menimepriestor.sk\",\"https:\\\/\\\/www.instagram.com\\\/menimepriestor\\\/\"]}]}<\/script>\n<!-- \/ Yoast SEO plugin. -->","yoast_head_json":{"title":"K\u00fchldecken und akustische K\u00fchldecken &#8212; DryCon","robots":{"index":"index","follow":"follow","max-snippet":"max-snippet:-1","max-image-preview":"max-image-preview:large","max-video-preview":"max-video-preview:-1"},"canonical":"https:\/\/www.menimepriestor.sk\/de\/spezielle-decken-und-wande\/kuehldecken-und-akustische-kuehldecken\/","og_locale":"de_DE","og_type":"article","og_title":"K\u00fchldecken und akustische K\u00fchldecken &#8212; DryCon","og_description":"Wir haben langj\u00e4hrige Erfahrung in der Montage von K\u00fchldecken verschiedener Typen sowohl f\u00fcr die Trocken- als auch f\u00fcr die Nassmontage (z. B. Rehau, Thermotech). Die Montage der Gipskartonplatten erfolgt nach den technischen Anforderungen des Herstellers, wobei wir nur Systemelemente renommierter Hersteller verwenden.","og_url":"https:\/\/www.menimepriestor.sk\/de\/spezielle-decken-und-wande\/kuehldecken-und-akustische-kuehldecken\/","og_site_name":"DryCon","article_publisher":"https:\/\/www.facebook.com\/menimepriestor.sk","article_modified_time":"2019-07-07T15:12:43+00:00","og_image":[{"width":1024,"height":768,"url":"https:\/\/www.menimepriestor.sk\/wp-content\/uploads\/2019\/07\/P1010392-1024x768.jpg","type":"image\/jpeg"}],"twitter_card":"summary_large_image","schema":{"@context":"https:\/\/schema.org","@graph":[{"@type":"WebPage","@id":"https:\/\/www.menimepriestor.sk\/de\/spezielle-decken-und-wande\/kuehldecken-und-akustische-kuehldecken\/","url":"https:\/\/www.menimepriestor.sk\/de\/spezielle-decken-und-wande\/kuehldecken-und-akustische-kuehldecken\/","name":"K\u00fchldecken und akustische K\u00fchldecken &#8212; DryCon","isPartOf":{"@id":"https:\/\/www.menimepriestor.sk\/de\/#website"},"primaryImageOfPage":{"@id":"https:\/\/www.menimepriestor.sk\/de\/spezielle-decken-und-wande\/kuehldecken-und-akustische-kuehldecken\/#primaryimage"},"image":{"@id":"https:\/\/www.menimepriestor.sk\/de\/spezielle-decken-und-wande\/kuehldecken-und-akustische-kuehldecken\/#primaryimage"},"thumbnailUrl":"https:\/\/www.menimepriestor.sk\/wp-content\/uploads\/2019\/07\/P1010392.jpg","datePublished":"2019-07-07T14:31:44+00:00","dateModified":"2019-07-07T15:12:43+00:00","breadcrumb":{"@id":"https:\/\/www.menimepriestor.sk\/de\/spezielle-decken-und-wande\/kuehldecken-und-akustische-kuehldecken\/#breadcrumb"},"inLanguage":"de","potentialAction":[{"@type":"ReadAction","target":["https:\/\/www.menimepriestor.sk\/de\/spezielle-decken-und-wande\/kuehldecken-und-akustische-kuehldecken\/"]}]},{"@type":"ImageObject","inLanguage":"de","@id":"https:\/\/www.menimepriestor.sk\/de\/spezielle-decken-und-wande\/kuehldecken-und-akustische-kuehldecken\/#primaryimage","url":"https:\/\/www.menimepriestor.sk\/wp-content\/uploads\/2019\/07\/P1010392.jpg","contentUrl":"https:\/\/www.menimepriestor.sk\/wp-content\/uploads\/2019\/07\/P1010392.jpg","width":1600,"height":1200},{"@type":"BreadcrumbList","@id":"https:\/\/www.menimepriestor.sk\/de\/spezielle-decken-und-wande\/kuehldecken-und-akustische-kuehldecken\/#breadcrumb","itemListElement":[{"@type":"ListItem","position":1,"name":"Home","item":"https:\/\/www.menimepriestor.sk\/de\/"},{"@type":"ListItem","position":2,"name":"Spezielle Decken und W\u00e4nde","item":"https:\/\/www.menimepriestor.sk\/de\/spezielle-decken-und-wande\/"},{"@type":"ListItem","position":3,"name":"K\u00fchldecken und akustische K\u00fchldecken"}]},{"@type":"WebSite","@id":"https:\/\/www.menimepriestor.sk\/de\/#website","url":"https:\/\/www.menimepriestor.sk\/de\/","name":"DryCon","description":"Men\u00edme priestor na komfortn\u00fd interi\u00e9r","publisher":{"@id":"https:\/\/www.menimepriestor.sk\/de\/#organization"},"potentialAction":[{"@type":"SearchAction","target":{"@type":"EntryPoint","urlTemplate":"https:\/\/www.menimepriestor.sk\/de\/?s={search_term_string}"},"query-input":{"@type":"PropertyValueSpecification","valueRequired":true,"valueName":"search_term_string"}}],"inLanguage":"de"},{"@type":"Organization","@id":"https:\/\/www.menimepriestor.sk\/de\/#organization","name":"DryCon, s.r.o.","url":"https:\/\/www.menimepriestor.sk\/de\/","logo":{"@type":"ImageObject","inLanguage":"de","@id":"https:\/\/www.menimepriestor.sk\/de\/#\/schema\/logo\/image\/","url":"https:\/\/www.menimepriestor.sk\/wp-content\/uploads\/2019\/06\/logo.png","contentUrl":"https:\/\/www.menimepriestor.sk\/wp-content\/uploads\/2019\/06\/logo.png","width":572,"height":172,"caption":"DryCon, s.r.o."},"image":{"@id":"https:\/\/www.menimepriestor.sk\/de\/#\/schema\/logo\/image\/"},"sameAs":["https:\/\/www.facebook.com\/menimepriestor.sk","https:\/\/www.instagram.com\/menimepriestor\/"]}]}},"wpmagazine_modules_lite_featured_media_urls":{"thumbnail":["https:\/\/www.menimepriestor.sk\/wp-content\/uploads\/2019\/07\/P1010392-150x150.jpg",150,150,true],"cvmm-medium":["https:\/\/www.menimepriestor.sk\/wp-content\/uploads\/2019\/07\/P1010392.jpg",300,225,false],"cvmm-medium-plus":["https:\/\/www.menimepriestor.sk\/wp-content\/uploads\/2019\/07\/P1010392.jpg",276,207,false],"cvmm-portrait":["https:\/\/www.menimepriestor.sk\/wp-content\/uploads\/2019\/07\/P1010392.jpg",400,300,false],"cvmm-medium-square":["https:\/\/www.menimepriestor.sk\/wp-content\/uploads\/2019\/07\/P1010392.jpg",600,450,false],"cvmm-large":["https:\/\/www.menimepriestor.sk\/wp-content\/uploads\/2019\/07\/P1010392.jpg",1024,768,false],"cvmm-small":["https:\/\/www.menimepriestor.sk\/wp-content\/uploads\/2019\/07\/P1010392.jpg",127,95,false],"full":["https:\/\/www.menimepriestor.sk\/wp-content\/uploads\/2019\/07\/P1010392.jpg",1600,1200,false]},"categories_names":null,"comments_number":"0","_links":{"self":[{"href":"https:\/\/www.menimepriestor.sk\/de\/wp-json\/wp\/v2\/pages\/2677","targetHints":{"allow":["GET"]}}],"collection":[{"href":"https:\/\/www.menimepriestor.sk\/de\/wp-json\/wp\/v2\/pages"}],"about":[{"href":"https:\/\/www.menimepriestor.sk\/de\/wp-json\/wp\/v2\/types\/page"}],"author":[{"embeddable":true,"href":"https:\/\/www.menimepriestor.sk\/de\/wp-json\/wp\/v2\/users\/2"}],"replies":[{"embeddable":true,"href":"https:\/\/www.menimepriestor.sk\/de\/wp-json\/wp\/v2\/comments?post=2677"}],"version-history":[{"count":0,"href":"https:\/\/www.menimepriestor.sk\/de\/wp-json\/wp\/v2\/pages\/2677\/revisions"}],"up":[{"embeddable":true,"href":"https:\/\/www.menimepriestor.sk\/de\/wp-json\/wp\/v2\/pages\/1513"}],"wp:featuredmedia":[{"embeddable":true,"href":"https:\/\/www.menimepriestor.sk\/de\/wp-json\/wp\/v2\/media\/2458"}],"wp:attachment":[{"href":"https:\/\/www.menimepriestor.sk\/de\/wp-json\/wp\/v2\/media?parent=2677"}],"curies":[{"name":"wp","href":"https:\/\/api.w.org\/{rel}","templated":true}]}}