{"id":92,"date":"2018-07-24T19:41:33","date_gmt":"2018-07-24T17:41:33","guid":{"rendered":"https:\/\/www.menimepriestor.sk\/?page_id=92"},"modified":"2019-11-27T12:11:21","modified_gmt":"2019-11-27T10:11:21","slug":"o-nas","status":"publish","type":"page","link":"https:\/\/www.menimepriestor.sk\/cs\/o-nas\/","title":{"rendered":"O n\u00e1s"},"content":{"rendered":"\n<p>S tradic\u00ed od roku 1992 jsme jedna z prvn\u00edch specializovan\u00fdch firem v oblasti dod\u00e1vky a mont\u00e1\u017ee s\u00e1drokartonov\u00fdch syst\u00e9m\u016f, tepeln\u00fdch izolac\u00ed a osv\u011btlen\u00ed. V sou\u010dasnosti se na\u0161e portfolio roz\u0161\u00ed\u0159ilo o realizaci akustick\u00fdch strop\u016f a st\u011bn, kter\u00e9 v\u00fdrazn\u011b p\u0159isp\u00edvaj\u00ed k celkov\u00e9mu komfortu interi\u00e9ru. Jsme stabiln\u00ed a spolehliv\u00fd partner p\u0159i realizaci Va\u0161ich p\u0159edstav, realiz\u00e1tor, kter\u00fd u\u017e o sv\u00fdch kvalit\u00e1ch p\u0159esv\u011bd\u010dil mnoho spokojen\u00fdch z\u00e1kazn\u00edk\u016f.<\/p>\n\n\n\n<p>Na\u0161e zku\u0161enosti nejl\u00e9pe deklaruje mno\u017estv\u00ed referenc\u00ed, kter\u00e9\nzahrnuj\u00ed \u0161irok\u00e9 spektrum interi\u00e9r\u016f od men\u0161\u00edch rodinn\u00fdch dom\u016f,\nluxusn\u00edch prostor\u016f vil, hotel\u016f p\u0159es obchodn\u00ed domy a\u017e po\nrozs\u00e1hl\u00e9 v\u00fdrobn\u00ed haly a polyfunk\u010dn\u00ed objekty nebo wellness\ncentra, kter\u00e9 v\u0161echny vytv\u00e1\u0159ej\u00ed z na\u0161\u00ed spole\u010dnosti\nflexibiln\u00edho partnera.<\/p>\n\n\n\n<p>Pravideln\u011b se vzd\u011bl\u00e1v\u00e1me, \u010deho\u017e d\u016fkazem je mno\u017estv\u00ed z\u00edskan\u00fdch odborn\u00fdch certifik\u00e1t\u016f. Na dos\u00e1hnut\u00ed vysok\u00e9 kvality pou\u017e\u00edv\u00e1me jen prov\u011b\u0159en\u00e9 materi\u00e1ly od renomovan\u00fdch v\u00fdrobc\u016f. Postupn\u011b investujeme do nov\u00fdch technologi\u00ed a proto disponujeme nejkvalitn\u011bj\u0161\u00edm technick\u00fdm vybaven\u00edm na trhu. \u00dasp\u011b\u0161n\u011b jsme zvl\u00e1dli mno\u017estv\u00ed nestandardn\u00edch po\u017eadavk\u016f z\u00e1kazn\u00edk\u016f. Proto jsme p\u0159esv\u011bd\u010deni, \u017ee dok\u00e1\u017eeme naplnit i Va\u0161e p\u0159edstavy.<\/p>\n\n\n\n<div class=\"wp-block-image\"><figure class=\"aligncenter\"><img loading=\"lazy\" decoding=\"async\" width=\"1024\" height=\"640\" src=\"https:\/\/www.menimepriestor.sk\/wp-content\/uploads\/2019\/07\/grcasinos6-1024x640.jpg\" alt=\"\" class=\"wp-image-2400\" srcset=\"https:\/\/www.menimepriestor.sk\/wp-content\/uploads\/2019\/07\/grcasinos6-1024x640.jpg 1024w, https:\/\/www.menimepriestor.sk\/wp-content\/uploads\/2019\/07\/grcasinos6-300x188.jpg 300w, https:\/\/www.menimepriestor.sk\/wp-content\/uploads\/2019\/07\/grcasinos6-768x480.jpg 768w, https:\/\/www.menimepriestor.sk\/wp-content\/uploads\/2019\/07\/grcasinos6-1920x1200.jpg 1920w, https:\/\/www.menimepriestor.sk\/wp-content\/uploads\/2019\/07\/grcasinos6.jpg 1600w\" sizes=\"auto, (max-width: 1024px) 100vw, 1024px\" \/><\/figure><\/div>\n","protected":false},"excerpt":{"rendered":"<p>S tradic\u00ed od roku 1992 jsme jedna z prvn\u00edch specializovan\u00fdch firem v oblasti dod\u00e1vky a mont\u00e1\u017ee s\u00e1drokartonov\u00fdch syst\u00e9m\u016f, tepeln\u00fdch izolac\u00ed a osv\u011btlen\u00ed. V sou\u010dasnosti se na\u0161e portfolio roz\u0161\u00ed\u0159ilo o realizaci akustick\u00fdch strop\u016f a st\u011bn, kter\u00e9 v\u00fdrazn\u011b p\u0159isp\u00edvaj\u00ed k celkov\u00e9mu komfortu interi\u00e9ru. Jsme stabiln\u00ed a spolehliv\u00fd partner p\u0159i realizaci Va\u0161ich p\u0159edstav, realiz\u00e1tor, kter\u00fd u\u017e o sv\u00fdch [&#8230;]\n","protected":false},"author":1,"featured_media":1078,"parent":0,"menu_order":0,"comment_status":"closed","ping_status":"closed","template":"","meta":{"_editorskit_title_hidden":false,"_editorskit_reading_time":0,"_editorskit_is_block_options_detached":false,"_editorskit_block_options_position":"{}","footnotes":""},"class_list":["post-92","page","type-page","status-publish","has-post-thumbnail","hentry"],"yoast_head":"<!-- This site is optimized with the Yoast SEO plugin v27.4 - https:\/\/yoast.com\/product\/yoast-seo-wordpress\/ -->\n<title>O n\u00e1s &#8212; menimeprostor.cz<\/title>\n<meta name=\"robots\" content=\"index, follow, max-snippet:-1, max-image-preview:large, max-video-preview:-1\" \/>\n<link rel=\"canonical\" href=\"https:\/\/www.menimepriestor.sk\/cs\/o-nas\/\" \/>\n<meta property=\"og:locale\" content=\"cs_CZ\" \/>\n<meta property=\"og:type\" content=\"article\" \/>\n<meta property=\"og:title\" content=\"O n\u00e1s &#8212; menimeprostor.cz\" \/>\n<meta property=\"og:description\" content=\"S tradic\u00ed od roku 1992 jsme jedna z prvn\u00edch specializovan\u00fdch firem v oblasti dod\u00e1vky a mont\u00e1\u017ee s\u00e1drokartonov\u00fdch syst\u00e9m\u016f, tepeln\u00fdch izolac\u00ed a osv\u011btlen\u00ed. V sou\u010dasnosti se na\u0161e portfolio roz\u0161\u00ed\u0159ilo o realizaci akustick\u00fdch strop\u016f a st\u011bn, kter\u00e9 v\u00fdrazn\u011b p\u0159isp\u00edvaj\u00ed k celkov\u00e9mu komfortu interi\u00e9ru. Jsme stabiln\u00ed a spolehliv\u00fd partner p\u0159i realizaci Va\u0161ich p\u0159edstav, realiz\u00e1tor, kter\u00fd u\u017e o sv\u00fdch [...]\" \/>\n<meta property=\"og:url\" content=\"https:\/\/www.menimepriestor.sk\/cs\/o-nas\/\" \/>\n<meta property=\"og:site_name\" content=\"menimeprostor.cz\" \/>\n<meta property=\"article:publisher\" content=\"https:\/\/www.facebook.com\/menimepriestor.sk\" \/>\n<meta property=\"article:modified_time\" content=\"2019-11-27T10:11:21+00:00\" \/>\n<meta property=\"og:image\" content=\"https:\/\/www.menimepriestor.sk\/wp-content\/uploads\/2018\/11\/about.jpg\" \/>\n\t<meta property=\"og:image:width\" content=\"6000\" \/>\n\t<meta property=\"og:image:height\" content=\"4000\" \/>\n\t<meta property=\"og:image:type\" content=\"image\/jpeg\" \/>\n<meta name=\"twitter:card\" content=\"summary_large_image\" \/>\n<meta name=\"twitter:label1\" content=\"Odhadovan\u00e1 doba \u010dten\u00ed\" \/>\n\t<meta name=\"twitter:data1\" content=\"1 minuta\" \/>\n<script type=\"application\/ld+json\" class=\"yoast-schema-graph\">{\"@context\":\"https:\\\/\\\/schema.org\",\"@graph\":[{\"@type\":\"WebPage\",\"@id\":\"https:\\\/\\\/www.menimepriestor.sk\\\/cs\\\/o-nas\\\/\",\"url\":\"https:\\\/\\\/www.menimepriestor.sk\\\/cs\\\/o-nas\\\/\",\"name\":\"O n\u00e1s &#8212; menimeprostor.cz\",\"isPartOf\":{\"@id\":\"https:\\\/\\\/www.menimepriestor.sk\\\/cs\\\/#website\"},\"primaryImageOfPage\":{\"@id\":\"https:\\\/\\\/www.menimepriestor.sk\\\/cs\\\/o-nas\\\/#primaryimage\"},\"image\":{\"@id\":\"https:\\\/\\\/www.menimepriestor.sk\\\/cs\\\/o-nas\\\/#primaryimage\"},\"thumbnailUrl\":\"https:\\\/\\\/www.menimepriestor.sk\\\/wp-content\\\/uploads\\\/2018\\\/11\\\/about.jpg\",\"datePublished\":\"2018-07-24T17:41:33+00:00\",\"dateModified\":\"2019-11-27T10:11:21+00:00\",\"breadcrumb\":{\"@id\":\"https:\\\/\\\/www.menimepriestor.sk\\\/cs\\\/o-nas\\\/#breadcrumb\"},\"inLanguage\":\"cs\",\"potentialAction\":[{\"@type\":\"ReadAction\",\"target\":[\"https:\\\/\\\/www.menimepriestor.sk\\\/cs\\\/o-nas\\\/\"]}]},{\"@type\":\"ImageObject\",\"inLanguage\":\"cs\",\"@id\":\"https:\\\/\\\/www.menimepriestor.sk\\\/cs\\\/o-nas\\\/#primaryimage\",\"url\":\"https:\\\/\\\/www.menimepriestor.sk\\\/wp-content\\\/uploads\\\/2018\\\/11\\\/about.jpg\",\"contentUrl\":\"https:\\\/\\\/www.menimepriestor.sk\\\/wp-content\\\/uploads\\\/2018\\\/11\\\/about.jpg\",\"width\":1600,\"height\":1067},{\"@type\":\"BreadcrumbList\",\"@id\":\"https:\\\/\\\/www.menimepriestor.sk\\\/cs\\\/o-nas\\\/#breadcrumb\",\"itemListElement\":[{\"@type\":\"ListItem\",\"position\":1,\"name\":\"Home\",\"item\":\"https:\\\/\\\/www.menimepriestor.sk\\\/cs\\\/\"},{\"@type\":\"ListItem\",\"position\":2,\"name\":\"O n\u00e1s\"}]},{\"@type\":\"WebSite\",\"@id\":\"https:\\\/\\\/www.menimepriestor.sk\\\/cs\\\/#website\",\"url\":\"https:\\\/\\\/www.menimepriestor.sk\\\/cs\\\/\",\"name\":\"menimeprostor.cz\",\"description\":\"Kr\u00e1sa oh\u00fdban\u00e9ho s\u00e1drokartonu\",\"publisher\":{\"@id\":\"https:\\\/\\\/www.menimepriestor.sk\\\/cs\\\/#organization\"},\"potentialAction\":[{\"@type\":\"SearchAction\",\"target\":{\"@type\":\"EntryPoint\",\"urlTemplate\":\"https:\\\/\\\/www.menimepriestor.sk\\\/cs\\\/?s={search_term_string}\"},\"query-input\":{\"@type\":\"PropertyValueSpecification\",\"valueRequired\":true,\"valueName\":\"search_term_string\"}}],\"inLanguage\":\"cs\"},{\"@type\":\"Organization\",\"@id\":\"https:\\\/\\\/www.menimepriestor.sk\\\/cs\\\/#organization\",\"name\":\"DryCon, s.r.o.\",\"url\":\"https:\\\/\\\/www.menimepriestor.sk\\\/cs\\\/\",\"logo\":{\"@type\":\"ImageObject\",\"inLanguage\":\"cs\",\"@id\":\"https:\\\/\\\/www.menimepriestor.sk\\\/cs\\\/#\\\/schema\\\/logo\\\/image\\\/\",\"url\":\"https:\\\/\\\/www.menimepriestor.sk\\\/wp-content\\\/uploads\\\/2019\\\/06\\\/logo.png\",\"contentUrl\":\"https:\\\/\\\/www.menimepriestor.sk\\\/wp-content\\\/uploads\\\/2019\\\/06\\\/logo.png\",\"width\":572,\"height\":172,\"caption\":\"DryCon, s.r.o.\"},\"image\":{\"@id\":\"https:\\\/\\\/www.menimepriestor.sk\\\/cs\\\/#\\\/schema\\\/logo\\\/image\\\/\"},\"sameAs\":[\"https:\\\/\\\/www.facebook.com\\\/menimepriestor.sk\",\"https:\\\/\\\/www.instagram.com\\\/menimepriestor\\\/\"]}]}<\/script>\n<!-- \/ Yoast SEO plugin. -->","yoast_head_json":{"title":"O n\u00e1s &#8212; menimeprostor.cz","robots":{"index":"index","follow":"follow","max-snippet":"max-snippet:-1","max-image-preview":"max-image-preview:large","max-video-preview":"max-video-preview:-1"},"canonical":"https:\/\/www.menimepriestor.sk\/cs\/o-nas\/","og_locale":"cs_CZ","og_type":"article","og_title":"O n\u00e1s &#8212; menimeprostor.cz","og_description":"S tradic\u00ed od roku 1992 jsme jedna z prvn\u00edch specializovan\u00fdch firem v oblasti dod\u00e1vky a mont\u00e1\u017ee s\u00e1drokartonov\u00fdch syst\u00e9m\u016f, tepeln\u00fdch izolac\u00ed a osv\u011btlen\u00ed. V sou\u010dasnosti se na\u0161e portfolio roz\u0161\u00ed\u0159ilo o realizaci akustick\u00fdch strop\u016f a st\u011bn, kter\u00e9 v\u00fdrazn\u011b p\u0159isp\u00edvaj\u00ed k celkov\u00e9mu komfortu interi\u00e9ru. Jsme stabiln\u00ed a spolehliv\u00fd partner p\u0159i realizaci Va\u0161ich p\u0159edstav, realiz\u00e1tor, kter\u00fd u\u017e o sv\u00fdch [...]","og_url":"https:\/\/www.menimepriestor.sk\/cs\/o-nas\/","og_site_name":"menimeprostor.cz","article_publisher":"https:\/\/www.facebook.com\/menimepriestor.sk","article_modified_time":"2019-11-27T10:11:21+00:00","og_image":[{"width":6000,"height":4000,"url":"https:\/\/www.menimepriestor.sk\/wp-content\/uploads\/2018\/11\/about.jpg","type":"image\/jpeg"}],"twitter_card":"summary_large_image","twitter_misc":{"Odhadovan\u00e1 doba \u010dten\u00ed":"1 minuta"},"schema":{"@context":"https:\/\/schema.org","@graph":[{"@type":"WebPage","@id":"https:\/\/www.menimepriestor.sk\/cs\/o-nas\/","url":"https:\/\/www.menimepriestor.sk\/cs\/o-nas\/","name":"O n\u00e1s &#8212; menimeprostor.cz","isPartOf":{"@id":"https:\/\/www.menimepriestor.sk\/cs\/#website"},"primaryImageOfPage":{"@id":"https:\/\/www.menimepriestor.sk\/cs\/o-nas\/#primaryimage"},"image":{"@id":"https:\/\/www.menimepriestor.sk\/cs\/o-nas\/#primaryimage"},"thumbnailUrl":"https:\/\/www.menimepriestor.sk\/wp-content\/uploads\/2018\/11\/about.jpg","datePublished":"2018-07-24T17:41:33+00:00","dateModified":"2019-11-27T10:11:21+00:00","breadcrumb":{"@id":"https:\/\/www.menimepriestor.sk\/cs\/o-nas\/#breadcrumb"},"inLanguage":"cs","potentialAction":[{"@type":"ReadAction","target":["https:\/\/www.menimepriestor.sk\/cs\/o-nas\/"]}]},{"@type":"ImageObject","inLanguage":"cs","@id":"https:\/\/www.menimepriestor.sk\/cs\/o-nas\/#primaryimage","url":"https:\/\/www.menimepriestor.sk\/wp-content\/uploads\/2018\/11\/about.jpg","contentUrl":"https:\/\/www.menimepriestor.sk\/wp-content\/uploads\/2018\/11\/about.jpg","width":1600,"height":1067},{"@type":"BreadcrumbList","@id":"https:\/\/www.menimepriestor.sk\/cs\/o-nas\/#breadcrumb","itemListElement":[{"@type":"ListItem","position":1,"name":"Home","item":"https:\/\/www.menimepriestor.sk\/cs\/"},{"@type":"ListItem","position":2,"name":"O n\u00e1s"}]},{"@type":"WebSite","@id":"https:\/\/www.menimepriestor.sk\/cs\/#website","url":"https:\/\/www.menimepriestor.sk\/cs\/","name":"menimeprostor.cz","description":"Kr\u00e1sa oh\u00fdban\u00e9ho s\u00e1drokartonu","publisher":{"@id":"https:\/\/www.menimepriestor.sk\/cs\/#organization"},"potentialAction":[{"@type":"SearchAction","target":{"@type":"EntryPoint","urlTemplate":"https:\/\/www.menimepriestor.sk\/cs\/?s={search_term_string}"},"query-input":{"@type":"PropertyValueSpecification","valueRequired":true,"valueName":"search_term_string"}}],"inLanguage":"cs"},{"@type":"Organization","@id":"https:\/\/www.menimepriestor.sk\/cs\/#organization","name":"DryCon, s.r.o.","url":"https:\/\/www.menimepriestor.sk\/cs\/","logo":{"@type":"ImageObject","inLanguage":"cs","@id":"https:\/\/www.menimepriestor.sk\/cs\/#\/schema\/logo\/image\/","url":"https:\/\/www.menimepriestor.sk\/wp-content\/uploads\/2019\/06\/logo.png","contentUrl":"https:\/\/www.menimepriestor.sk\/wp-content\/uploads\/2019\/06\/logo.png","width":572,"height":172,"caption":"DryCon, s.r.o."},"image":{"@id":"https:\/\/www.menimepriestor.sk\/cs\/#\/schema\/logo\/image\/"},"sameAs":["https:\/\/www.facebook.com\/menimepriestor.sk","https:\/\/www.instagram.com\/menimepriestor\/"]}]}},"wpmagazine_modules_lite_featured_media_urls":{"thumbnail":["https:\/\/www.menimepriestor.sk\/wp-content\/uploads\/2018\/11\/about-150x150.jpg",150,150,true],"cvmm-medium":["https:\/\/www.menimepriestor.sk\/wp-content\/uploads\/2018\/11\/about.jpg",300,200,false],"cvmm-medium-plus":["https:\/\/www.menimepriestor.sk\/wp-content\/uploads\/2018\/11\/about.jpg",305,203,false],"cvmm-portrait":["https:\/\/www.menimepriestor.sk\/wp-content\/uploads\/2018\/11\/about.jpg",400,267,false],"cvmm-medium-square":["https:\/\/www.menimepriestor.sk\/wp-content\/uploads\/2018\/11\/about.jpg",600,400,false],"cvmm-large":["https:\/\/www.menimepriestor.sk\/wp-content\/uploads\/2018\/11\/about.jpg",1024,683,false],"cvmm-small":["https:\/\/www.menimepriestor.sk\/wp-content\/uploads\/2018\/11\/about.jpg",130,87,false],"full":["https:\/\/www.menimepriestor.sk\/wp-content\/uploads\/2018\/11\/about.jpg",1600,1067,false]},"categories_names":null,"comments_number":"0","_links":{"self":[{"href":"https:\/\/www.menimepriestor.sk\/cs\/wp-json\/wp\/v2\/pages\/92","targetHints":{"allow":["GET"]}}],"collection":[{"href":"https:\/\/www.menimepriestor.sk\/cs\/wp-json\/wp\/v2\/pages"}],"about":[{"href":"https:\/\/www.menimepriestor.sk\/cs\/wp-json\/wp\/v2\/types\/page"}],"author":[{"embeddable":true,"href":"https:\/\/www.menimepriestor.sk\/cs\/wp-json\/wp\/v2\/users\/1"}],"replies":[{"embeddable":true,"href":"https:\/\/www.menimepriestor.sk\/cs\/wp-json\/wp\/v2\/comments?post=92"}],"version-history":[{"count":0,"href":"https:\/\/www.menimepriestor.sk\/cs\/wp-json\/wp\/v2\/pages\/92\/revisions"}],"wp:featuredmedia":[{"embeddable":true,"href":"https:\/\/www.menimepriestor.sk\/cs\/wp-json\/wp\/v2\/media\/1078"}],"wp:attachment":[{"href":"https:\/\/www.menimepriestor.sk\/cs\/wp-json\/wp\/v2\/media?parent=92"}],"curies":[{"name":"wp","href":"https:\/\/api.w.org\/{rel}","templated":true}]}}