{"id":1451,"date":"2019-06-02T18:26:29","date_gmt":"2019-06-02T16:26:29","guid":{"rendered":"https:\/\/www.menimepriestor.sk\/?page_id=1451"},"modified":"2019-07-17T16:53:06","modified_gmt":"2019-07-17T14:53:06","slug":"akusticke-steny-a-pricky","status":"publish","type":"page","link":"https:\/\/www.menimepriestor.sk\/cs\/akusticke-steny-a-pricky\/","title":{"rendered":"Akustick\u00e9 st\u011bny a p\u0159\u00ed\u010dky"},"content":{"rendered":"\n<p>Stejn\u011b jako u akustick\u00fdch strop\u016f i u st\u011bn sehr\u00e1v\u00e1 akustika velkou \u00falohu. Kdy\u017e u strop\u016f z akustick\u00fdch faktor\u016f p\u0159evl\u00e1d\u00e1 zvukov\u00e1 pohltivost, tak u st\u011bn\/p\u0159\u00ed\u010dek se jev\u00ed v\u00fdznamn\u011bj\u0161\u00ed pr\u00e1v\u011b vzduchov\u00e1 neprozvu\u010dnost.<\/p>\n\n\n\n<!--more-->\n\n\n\n<p>Ta je velmi \u010dasto negativn\u011b vn\u00edmana \u010di u\u017e v sousedsk\u00fdch vztaz\u00edch nebo i v kancel\u00e1\u0159sk\u00fdch budov\u00e1ch, kdy naru\u0161uje soukrom\u00ed a d\u016fv\u011brnost vlastn\u00edho prost\u0159ed\u00ed. Pou\u017eit\u00edm vhodn\u00fdch materi\u00e1l\u016f um\u00edme realizovat p\u0159\u00ed\u010dky a st\u011bny r\u016fzn\u00fdch akustick\u00fdch po\u017eadavk\u016f a parametr\u016f.<\/p>\n\n\n\n<p>Kombinovat tak um\u00edme nejen  po\u017eadavky na akustickou pohltivost a neprozvu\u010dnost, ale i origin\u00e1ln\u00ed design a r\u016fzn\u00e9 formy osv\u011btlen\u00ed. Pro ty nejn\u00e1ro\u010dnej\u0161\u00ed z\u00e1kazn\u00edky m\u00e1me v nab\u00eddce i takov\u00e1 speci\u00e1ln\u00ed \u0159e\u0161en\u00ed jako jsou <strong>akustick\u00e9 chlazen\u00e9 stropy<\/strong>. Ty m\u00e1me v nab\u00eddce nejen se \u0161irok\u00fdm v\u00fdb\u011brem p\u0159iznan\u00e9 perforace, ale i jako skryt\u00e9 monolitick\u00e9 stropy bez viditeln\u00e9 konstrukce nebo akustick\u00e9 perforace.<\/p>\n","protected":false},"excerpt":{"rendered":"<p>Stejn\u011b jako u akustick\u00fdch strop\u016f i u st\u011bn sehr\u00e1v\u00e1 akustika velkou \u00falohu. Kdy\u017e u strop\u016f z akustick\u00fdch faktor\u016f p\u0159evl\u00e1d\u00e1 zvukov\u00e1 pohltivost, tak u st\u011bn\/p\u0159\u00ed\u010dek se jev\u00ed v\u00fdznamn\u011bj\u0161\u00ed pr\u00e1v\u011b vzduchov\u00e1 neprozvu\u010dnost.<\/p>\n","protected":false},"author":1,"featured_media":1885,"parent":0,"menu_order":3,"comment_status":"closed","ping_status":"closed","template":"","meta":{"_editorskit_title_hidden":false,"_editorskit_reading_time":0,"_editorskit_is_block_options_detached":false,"_editorskit_block_options_position":"{}","footnotes":""},"class_list":["post-1451","page","type-page","status-publish","has-post-thumbnail","hentry"],"yoast_head":"<!-- This site is optimized with the Yoast SEO plugin v27.2 - https:\/\/yoast.com\/product\/yoast-seo-wordpress\/ -->\n<title>Akustick\u00e9 st\u011bny a p\u0159\u00ed\u010dky &#8212; menimeprostor.cz<\/title>\n<meta name=\"robots\" content=\"index, follow, max-snippet:-1, max-image-preview:large, max-video-preview:-1\" \/>\n<link rel=\"canonical\" href=\"https:\/\/www.menimepriestor.sk\/cs\/akusticke-steny-a-pricky\/\" \/>\n<meta property=\"og:locale\" content=\"cs_CZ\" \/>\n<meta property=\"og:type\" content=\"article\" \/>\n<meta property=\"og:title\" content=\"Akustick\u00e9 st\u011bny a p\u0159\u00ed\u010dky &#8212; menimeprostor.cz\" \/>\n<meta property=\"og:description\" content=\"Stejn\u011b jako u akustick\u00fdch strop\u016f i u st\u011bn sehr\u00e1v\u00e1 akustika velkou \u00falohu. Kdy\u017e u strop\u016f z akustick\u00fdch faktor\u016f p\u0159evl\u00e1d\u00e1 zvukov\u00e1 pohltivost, tak u st\u011bn\/p\u0159\u00ed\u010dek se jev\u00ed v\u00fdznamn\u011bj\u0161\u00ed pr\u00e1v\u011b vzduchov\u00e1 neprozvu\u010dnost.\" \/>\n<meta property=\"og:url\" content=\"https:\/\/www.menimepriestor.sk\/cs\/akusticke-steny-a-pricky\/\" \/>\n<meta property=\"og:site_name\" content=\"menimeprostor.cz\" \/>\n<meta property=\"article:publisher\" content=\"https:\/\/www.facebook.com\/menimepriestor.sk\" \/>\n<meta property=\"article:modified_time\" content=\"2019-07-17T14:53:06+00:00\" \/>\n<meta property=\"og:image\" content=\"https:\/\/www.menimepriestor.sk\/wp-content\/uploads\/2019\/06\/Menimepriestor_Akusticke_Steny-5.jpg\" \/>\n\t<meta property=\"og:image:width\" content=\"1920\" \/>\n\t<meta property=\"og:image:height\" content=\"1281\" \/>\n\t<meta property=\"og:image:type\" content=\"image\/jpeg\" \/>\n<meta name=\"twitter:card\" content=\"summary_large_image\" \/>\n<meta name=\"twitter:label1\" content=\"Odhadovan\u00e1 doba \u010dten\u00ed\" \/>\n\t<meta name=\"twitter:data1\" content=\"1 minuta\" \/>\n<script type=\"application\/ld+json\" class=\"yoast-schema-graph\">{\"@context\":\"https:\/\/schema.org\",\"@graph\":[{\"@type\":\"WebPage\",\"@id\":\"https:\/\/www.menimepriestor.sk\/cs\/akusticke-steny-a-pricky\/\",\"url\":\"https:\/\/www.menimepriestor.sk\/cs\/akusticke-steny-a-pricky\/\",\"name\":\"Akustick\u00e9 st\u011bny a p\u0159\u00ed\u010dky &#8212; menimeprostor.cz\",\"isPartOf\":{\"@id\":\"https:\/\/www.menimepriestor.sk\/cs\/#website\"},\"primaryImageOfPage\":{\"@id\":\"https:\/\/www.menimepriestor.sk\/cs\/akusticke-steny-a-pricky\/#primaryimage\"},\"image\":{\"@id\":\"https:\/\/www.menimepriestor.sk\/cs\/akusticke-steny-a-pricky\/#primaryimage\"},\"thumbnailUrl\":\"https:\/\/www.menimepriestor.sk\/wp-content\/uploads\/2019\/06\/Menimepriestor_Akusticke_Steny-5.jpg\",\"datePublished\":\"2019-06-02T16:26:29+00:00\",\"dateModified\":\"2019-07-17T14:53:06+00:00\",\"breadcrumb\":{\"@id\":\"https:\/\/www.menimepriestor.sk\/cs\/akusticke-steny-a-pricky\/#breadcrumb\"},\"inLanguage\":\"cs\",\"potentialAction\":[{\"@type\":\"ReadAction\",\"target\":[\"https:\/\/www.menimepriestor.sk\/cs\/akusticke-steny-a-pricky\/\"]}]},{\"@type\":\"ImageObject\",\"inLanguage\":\"cs\",\"@id\":\"https:\/\/www.menimepriestor.sk\/cs\/akusticke-steny-a-pricky\/#primaryimage\",\"url\":\"https:\/\/www.menimepriestor.sk\/wp-content\/uploads\/2019\/06\/Menimepriestor_Akusticke_Steny-5.jpg\",\"contentUrl\":\"https:\/\/www.menimepriestor.sk\/wp-content\/uploads\/2019\/06\/Menimepriestor_Akusticke_Steny-5.jpg\",\"width\":1600,\"height\":1068},{\"@type\":\"BreadcrumbList\",\"@id\":\"https:\/\/www.menimepriestor.sk\/cs\/akusticke-steny-a-pricky\/#breadcrumb\",\"itemListElement\":[{\"@type\":\"ListItem\",\"position\":1,\"name\":\"Home\",\"item\":\"https:\/\/www.menimepriestor.sk\/cs\/\"},{\"@type\":\"ListItem\",\"position\":2,\"name\":\"Akustick\u00e9 st\u011bny a p\u0159\u00ed\u010dky\"}]},{\"@type\":\"WebSite\",\"@id\":\"https:\/\/www.menimepriestor.sk\/cs\/#website\",\"url\":\"https:\/\/www.menimepriestor.sk\/cs\/\",\"name\":\"menimeprostor.cz\",\"description\":\"Kr\u00e1sa oh\u00fdban\u00e9ho s\u00e1drokartonu\",\"publisher\":{\"@id\":\"https:\/\/www.menimepriestor.sk\/cs\/#organization\"},\"potentialAction\":[{\"@type\":\"SearchAction\",\"target\":{\"@type\":\"EntryPoint\",\"urlTemplate\":\"https:\/\/www.menimepriestor.sk\/cs\/?s={search_term_string}\"},\"query-input\":{\"@type\":\"PropertyValueSpecification\",\"valueRequired\":true,\"valueName\":\"search_term_string\"}}],\"inLanguage\":\"cs\"},{\"@type\":\"Organization\",\"@id\":\"https:\/\/www.menimepriestor.sk\/cs\/#organization\",\"name\":\"DryCon, s.r.o.\",\"url\":\"https:\/\/www.menimepriestor.sk\/cs\/\",\"logo\":{\"@type\":\"ImageObject\",\"inLanguage\":\"cs\",\"@id\":\"https:\/\/www.menimepriestor.sk\/cs\/#\/schema\/logo\/image\/\",\"url\":\"https:\/\/www.menimepriestor.sk\/wp-content\/uploads\/2019\/06\/logo.png\",\"contentUrl\":\"https:\/\/www.menimepriestor.sk\/wp-content\/uploads\/2019\/06\/logo.png\",\"width\":572,\"height\":172,\"caption\":\"DryCon, s.r.o.\"},\"image\":{\"@id\":\"https:\/\/www.menimepriestor.sk\/cs\/#\/schema\/logo\/image\/\"},\"sameAs\":[\"https:\/\/www.facebook.com\/menimepriestor.sk\",\"https:\/\/www.instagram.com\/menimepriestor\/\"]}]}<\/script>\n<!-- \/ Yoast SEO plugin. -->","yoast_head_json":{"title":"Akustick\u00e9 st\u011bny a p\u0159\u00ed\u010dky &#8212; menimeprostor.cz","robots":{"index":"index","follow":"follow","max-snippet":"max-snippet:-1","max-image-preview":"max-image-preview:large","max-video-preview":"max-video-preview:-1"},"canonical":"https:\/\/www.menimepriestor.sk\/cs\/akusticke-steny-a-pricky\/","og_locale":"cs_CZ","og_type":"article","og_title":"Akustick\u00e9 st\u011bny a p\u0159\u00ed\u010dky &#8212; menimeprostor.cz","og_description":"Stejn\u011b jako u akustick\u00fdch strop\u016f i u st\u011bn sehr\u00e1v\u00e1 akustika velkou \u00falohu. Kdy\u017e u strop\u016f z akustick\u00fdch faktor\u016f p\u0159evl\u00e1d\u00e1 zvukov\u00e1 pohltivost, tak u st\u011bn\/p\u0159\u00ed\u010dek se jev\u00ed v\u00fdznamn\u011bj\u0161\u00ed pr\u00e1v\u011b vzduchov\u00e1 neprozvu\u010dnost.","og_url":"https:\/\/www.menimepriestor.sk\/cs\/akusticke-steny-a-pricky\/","og_site_name":"menimeprostor.cz","article_publisher":"https:\/\/www.facebook.com\/menimepriestor.sk","article_modified_time":"2019-07-17T14:53:06+00:00","og_image":[{"width":1920,"height":1281,"url":"https:\/\/www.menimepriestor.sk\/wp-content\/uploads\/2019\/06\/Menimepriestor_Akusticke_Steny-5.jpg","type":"image\/jpeg"}],"twitter_card":"summary_large_image","twitter_misc":{"Odhadovan\u00e1 doba \u010dten\u00ed":"1 minuta"},"schema":{"@context":"https:\/\/schema.org","@graph":[{"@type":"WebPage","@id":"https:\/\/www.menimepriestor.sk\/cs\/akusticke-steny-a-pricky\/","url":"https:\/\/www.menimepriestor.sk\/cs\/akusticke-steny-a-pricky\/","name":"Akustick\u00e9 st\u011bny a p\u0159\u00ed\u010dky &#8212; menimeprostor.cz","isPartOf":{"@id":"https:\/\/www.menimepriestor.sk\/cs\/#website"},"primaryImageOfPage":{"@id":"https:\/\/www.menimepriestor.sk\/cs\/akusticke-steny-a-pricky\/#primaryimage"},"image":{"@id":"https:\/\/www.menimepriestor.sk\/cs\/akusticke-steny-a-pricky\/#primaryimage"},"thumbnailUrl":"https:\/\/www.menimepriestor.sk\/wp-content\/uploads\/2019\/06\/Menimepriestor_Akusticke_Steny-5.jpg","datePublished":"2019-06-02T16:26:29+00:00","dateModified":"2019-07-17T14:53:06+00:00","breadcrumb":{"@id":"https:\/\/www.menimepriestor.sk\/cs\/akusticke-steny-a-pricky\/#breadcrumb"},"inLanguage":"cs","potentialAction":[{"@type":"ReadAction","target":["https:\/\/www.menimepriestor.sk\/cs\/akusticke-steny-a-pricky\/"]}]},{"@type":"ImageObject","inLanguage":"cs","@id":"https:\/\/www.menimepriestor.sk\/cs\/akusticke-steny-a-pricky\/#primaryimage","url":"https:\/\/www.menimepriestor.sk\/wp-content\/uploads\/2019\/06\/Menimepriestor_Akusticke_Steny-5.jpg","contentUrl":"https:\/\/www.menimepriestor.sk\/wp-content\/uploads\/2019\/06\/Menimepriestor_Akusticke_Steny-5.jpg","width":1600,"height":1068},{"@type":"BreadcrumbList","@id":"https:\/\/www.menimepriestor.sk\/cs\/akusticke-steny-a-pricky\/#breadcrumb","itemListElement":[{"@type":"ListItem","position":1,"name":"Home","item":"https:\/\/www.menimepriestor.sk\/cs\/"},{"@type":"ListItem","position":2,"name":"Akustick\u00e9 st\u011bny a p\u0159\u00ed\u010dky"}]},{"@type":"WebSite","@id":"https:\/\/www.menimepriestor.sk\/cs\/#website","url":"https:\/\/www.menimepriestor.sk\/cs\/","name":"menimeprostor.cz","description":"Kr\u00e1sa oh\u00fdban\u00e9ho s\u00e1drokartonu","publisher":{"@id":"https:\/\/www.menimepriestor.sk\/cs\/#organization"},"potentialAction":[{"@type":"SearchAction","target":{"@type":"EntryPoint","urlTemplate":"https:\/\/www.menimepriestor.sk\/cs\/?s={search_term_string}"},"query-input":{"@type":"PropertyValueSpecification","valueRequired":true,"valueName":"search_term_string"}}],"inLanguage":"cs"},{"@type":"Organization","@id":"https:\/\/www.menimepriestor.sk\/cs\/#organization","name":"DryCon, s.r.o.","url":"https:\/\/www.menimepriestor.sk\/cs\/","logo":{"@type":"ImageObject","inLanguage":"cs","@id":"https:\/\/www.menimepriestor.sk\/cs\/#\/schema\/logo\/image\/","url":"https:\/\/www.menimepriestor.sk\/wp-content\/uploads\/2019\/06\/logo.png","contentUrl":"https:\/\/www.menimepriestor.sk\/wp-content\/uploads\/2019\/06\/logo.png","width":572,"height":172,"caption":"DryCon, s.r.o."},"image":{"@id":"https:\/\/www.menimepriestor.sk\/cs\/#\/schema\/logo\/image\/"},"sameAs":["https:\/\/www.facebook.com\/menimepriestor.sk","https:\/\/www.instagram.com\/menimepriestor\/"]}]}},"wpmagazine_modules_lite_featured_media_urls":{"thumbnail":["https:\/\/www.menimepriestor.sk\/wp-content\/uploads\/2019\/06\/Menimepriestor_Akusticke_Steny-5-150x150.jpg",150,150,true],"cvmm-medium":["https:\/\/www.menimepriestor.sk\/wp-content\/uploads\/2019\/06\/Menimepriestor_Akusticke_Steny-5.jpg",300,200,false],"cvmm-medium-plus":["https:\/\/www.menimepriestor.sk\/wp-content\/uploads\/2019\/06\/Menimepriestor_Akusticke_Steny-5.jpg",305,204,false],"cvmm-portrait":["https:\/\/www.menimepriestor.sk\/wp-content\/uploads\/2019\/06\/Menimepriestor_Akusticke_Steny-5.jpg",400,267,false],"cvmm-medium-square":["https:\/\/www.menimepriestor.sk\/wp-content\/uploads\/2019\/06\/Menimepriestor_Akusticke_Steny-5.jpg",600,401,false],"cvmm-large":["https:\/\/www.menimepriestor.sk\/wp-content\/uploads\/2019\/06\/Menimepriestor_Akusticke_Steny-5.jpg",1024,684,false],"cvmm-small":["https:\/\/www.menimepriestor.sk\/wp-content\/uploads\/2019\/06\/Menimepriestor_Akusticke_Steny-5.jpg",130,87,false],"full":["https:\/\/www.menimepriestor.sk\/wp-content\/uploads\/2019\/06\/Menimepriestor_Akusticke_Steny-5.jpg",1600,1068,false]},"categories_names":null,"comments_number":"0","_links":{"self":[{"href":"https:\/\/www.menimepriestor.sk\/cs\/wp-json\/wp\/v2\/pages\/1451","targetHints":{"allow":["GET"]}}],"collection":[{"href":"https:\/\/www.menimepriestor.sk\/cs\/wp-json\/wp\/v2\/pages"}],"about":[{"href":"https:\/\/www.menimepriestor.sk\/cs\/wp-json\/wp\/v2\/types\/page"}],"author":[{"embeddable":true,"href":"https:\/\/www.menimepriestor.sk\/cs\/wp-json\/wp\/v2\/users\/1"}],"replies":[{"embeddable":true,"href":"https:\/\/www.menimepriestor.sk\/cs\/wp-json\/wp\/v2\/comments?post=1451"}],"version-history":[{"count":0,"href":"https:\/\/www.menimepriestor.sk\/cs\/wp-json\/wp\/v2\/pages\/1451\/revisions"}],"wp:featuredmedia":[{"embeddable":true,"href":"https:\/\/www.menimepriestor.sk\/cs\/wp-json\/wp\/v2\/media\/1885"}],"wp:attachment":[{"href":"https:\/\/www.menimepriestor.sk\/cs\/wp-json\/wp\/v2\/media?parent=1451"}],"curies":[{"name":"wp","href":"https:\/\/api.w.org\/{rel}","templated":true}]}}